{"id":10109,"date":"2018-06-01T17:36:24","date_gmt":"2018-06-01T16:36:24","guid":{"rendered":"http:\/\/jensgustafsson.se\/?page_id=10109"},"modified":"2018-06-01T17:36:24","modified_gmt":"2018-06-01T16:36:24","slug":"maj-2018","status":"publish","type":"page","link":"https:\/\/jensgustafsson.se\/?page_id=10109","title":{"rendered":"Maj 2018."},"content":{"rendered":"<p><span style=\"color: #33cccc;\"><em>Det h\u00e4r \u00e5rets 5 f\u00f6rsta m\u00e5nader har bjudit p\u00e5 lite av extremv\u00e4der i m\u00e5ngt och mycket.<\/em><\/span><\/p>\n<p><span style=\"color: #33cccc;\"><em>Vi har ju haft en p\u00e5h\u00e4lsning av riktig vinter, med mycket sn\u00f6 och kallt under en period, och nu denna majm\u00e5nad som g\u00e5r till v\u00e4derhistorien h\u00e4r kan jag t\u00e4nka mig. Egentligen fascineras jag av lite udda-v\u00e4der och n\u00e4r det \u00e4r lite av extremt, men samtidigt \u00e4r det lite oroande med detta f\u00f6r oss ovanliga v\u00e4der, man undrar hur det st\u00e5r till med moder jord och dess omgivning egentligen.<\/em><\/span><\/p>\n<p><span style=\"color: #33cccc;\"><em>\u00c5rets majm\u00e5nad blev mycket varm och nederb\u00f6rdsfattig.<\/em><\/span><\/p>\n<p><span style=\"color: #33cccc;\"><em>\u00c5rets medeltemperatur f\u00f6r maj blev 15,6 grader, vilket kan j\u00e4mf\u00f6ras med fjol\u00e5rets 12,6 grader, hela 3 graders differens vilket \u00e4r v\u00e4ldigt mycket f\u00f6r att vara medeltal.<\/em><\/span><\/p>\n<p><span style=\"color: #33cccc;\"><em>Inte mycket regn, 18,5 mm f\u00f6rdelat p\u00e5 6 dagar, och det mesta f\u00f6ll precis i brytningen mellan april och maj m\u00e5nad.<\/em><\/span><\/p>\n<p><span style=\"color: #33cccc;\"><em>Inledningen p\u00e5 m\u00e5naden var det lite l\u00e4gre temperaturer, men det kom ju att sv\u00e4nga \u00f6ver till betydligt varmare och soligare v\u00e4der senare i m\u00e5naden.<\/em><\/span><\/p>\n<p><span style=\"color: #33cccc;\"><em>Vi har haft 10 dygn med h\u00f6gsommarv\u00e4rme, d.v.s. att maxtempen g\u00e5r \u00f6ver \u00f6ver 25 grader, 16 dygn med maxtemperatur mellan 20 och 24,9 grader, \u00e5terst\u00e5r fjuttiga 5 dygn som temperaturen inte orkade \u00f6ver 20 grader. Ingen frostnatt \u00e4r registrerad (ovanligt f\u00f6r att vara maj)<\/em><\/span><\/p>\n<p><span style=\"color: #33cccc;\"><em>Vinden har dominerats av ostlig (no-so) riktning 18 dagar, v\u00e4stlig (nv-sv) riktning 8 dygn, sydlig riktning 2 dygn och nordlig 3 dygn.<\/em><\/span><\/p>\n<p><span style=\"color: #33cccc;\"><em>H\u00e4r nedan kommer en sammanfattning fr\u00e5n loggen p\u00e5 min privata v\u00e4derstation, den jobbar med tv\u00e5 program, Heavy Weather och Cumulus.<\/em><\/span><\/p>\n<p><span style=\"color: #33cccc;\"><em>Summary for period 2018-05-01 to 2018-05-31<\/em><\/span><\/p>\n<p><span style=\"color: #33cccc;\"><em>Temperature (\u00b0C):<\/em><\/span><br \/>\n<span style=\"color: #33cccc;\"><em>Mean (min+max) 15,6<\/em><\/span><br \/>\n<span style=\"color: #33cccc;\"><em>Mean Minimum 7,7<\/em><\/span><br \/>\n<span style=\"color: #33cccc;\"><em>Mean Maximum 23,5<\/em><\/span><br \/>\n<span style=\"color: #33cccc;\"><em>Minimum 2,9 on 2018-05-05<\/em><\/span><br \/>\n<span style=\"color: #33cccc;\"><em>Maximum 28,1 on 2018-05-30<\/em><\/span><br \/>\n<span style=\"color: #33cccc;\"><em>Highest Minimum 14,1 on 2018-05-12<\/em><\/span><br \/>\n<span style=\"color: #33cccc;\"><em>Lowest Maximum 13,8 on 2018-05-03<\/em><\/span><br \/>\n<span style=\"color: #33cccc;\"><em>Air frosts 0<\/em><\/span><\/p>\n<p><span style=\"color: #33cccc;\"><em>Rainfall (mm):<\/em><\/span><br \/>\n<span style=\"color: #33cccc;\"><em>Total for period 18,5<\/em><\/span><br \/>\n<span style=\"color: #33cccc;\"><em>Rain days 6<\/em><\/span><br \/>\n<span style=\"color: #33cccc;\"><em>Dry days 25<\/em><\/span><\/p>\n<p><span style=\"color: #33cccc;\"><em>Wind (m\/s):<\/em><\/span><br \/>\n<span style=\"color: #33cccc;\"><em>Highest Gust 15,6 on 2018-05-27<\/em><\/span><\/p>\n<p><span style=\"color: #33cccc;\"><em>Pressure (hPa):<\/em><\/span><br \/>\n<span style=\"color: #33cccc;\"><em>Maximum 1029,8 on 2018-05-24<\/em><\/span><br \/>\n<span style=\"color: #33cccc;\"><em>Minimum 1001,3 on 2018-05-01<\/em><\/span><\/p>\n<p><span style=\"color: #33cccc;\"><em>H\u00e4r nedan delar jag med mig n\u00e5gra bilder, tagna under maj m\u00e5nad.<\/em><\/span><\/p>\n<div id=\"attachment_10111\" style=\"width: 594px\" class=\"wp-caption aligncenter\"><a style=\"color: #33cccc;\" href=\"http:\/\/jensgustafsson.se\/?attachment_id=10111\" rel=\"attachment wp-att-10111\"><img loading=\"lazy\" decoding=\"async\" aria-describedby=\"caption-attachment-10111\" class=\"size-large wp-image-10111\" src=\"http:\/\/media1.jensgustafsson.se\/2018\/06\/DSC_0456-1024x683.jpg\" alt=\"\" width=\"584\" height=\"390\" srcset=\"https:\/\/media1.jensgustafsson.se\/2018\/06\/DSC_0456-1024x683.jpg 1024w, https:\/\/media1.jensgustafsson.se\/2018\/06\/DSC_0456-300x200.jpg 300w, https:\/\/media1.jensgustafsson.se\/2018\/06\/DSC_0456-768x512.jpg 768w, https:\/\/media1.jensgustafsson.se\/2018\/06\/DSC_0456-450x300.jpg 450w\" sizes=\"auto, (max-width: 584px) 100vw, 584px\" \/><\/a><p id=\"caption-attachment-10111\" class=\"wp-caption-text\"><\/em><\/span> <span style=\"color: #33cccc;\"><em>P\u00e5 eftermiddagen 1 maj vid Kleven, Aboda Klint.<\/em><\/span><\/p><\/div>\n<div id=\"attachment_10112\" style=\"width: 594px\" class=\"wp-caption aligncenter\"><a style=\"color: #33cccc;\" href=\"http:\/\/jensgustafsson.se\/?attachment_id=10112\" rel=\"attachment wp-att-10112\"><img loading=\"lazy\" decoding=\"async\" aria-describedby=\"caption-attachment-10112\" class=\"size-large wp-image-10112\" src=\"http:\/\/media1.jensgustafsson.se\/2018\/06\/DSC_0541-1500x1000-1024x683.jpg\" alt=\"\" width=\"584\" height=\"390\" srcset=\"https:\/\/media1.jensgustafsson.se\/2018\/06\/DSC_0541-1500x1000-1024x683.jpg 1024w, https:\/\/media1.jensgustafsson.se\/2018\/06\/DSC_0541-1500x1000-300x200.jpg 300w, https:\/\/media1.jensgustafsson.se\/2018\/06\/DSC_0541-1500x1000-768x512.jpg 768w, https:\/\/media1.jensgustafsson.se\/2018\/06\/DSC_0541-1500x1000-450x300.jpg 450w, https:\/\/media1.jensgustafsson.se\/2018\/06\/DSC_0541-1500x1000.jpg 1500w\" sizes=\"auto, (max-width: 584px) 100vw, 584px\" \/><\/a><p id=\"caption-attachment-10112\" class=\"wp-caption-text\"><\/em><\/span> <span style=\"color: #33cccc;\"><em>Drageryd i morgondimma vid soluppg\u00e5ngen, 5 maj, fotat fr\u00e5n H\u00f6gmosshult.<\/em><\/span><\/p><\/div>\n<div id=\"attachment_10113\" style=\"width: 594px\" class=\"wp-caption aligncenter\"><a style=\"color: #33cccc;\" href=\"http:\/\/jensgustafsson.se\/?attachment_id=10113\" rel=\"attachment wp-att-10113\"><img loading=\"lazy\" decoding=\"async\" aria-describedby=\"caption-attachment-10113\" class=\"size-large wp-image-10113\" src=\"http:\/\/media1.jensgustafsson.se\/2018\/06\/DSC_0665-1024x669.jpg\" alt=\"\" width=\"584\" height=\"382\" srcset=\"https:\/\/media1.jensgustafsson.se\/2018\/06\/DSC_0665-1024x669.jpg 1024w, https:\/\/media1.jensgustafsson.se\/2018\/06\/DSC_0665-300x196.jpg 300w, https:\/\/media1.jensgustafsson.se\/2018\/06\/DSC_0665-768x502.jpg 768w, https:\/\/media1.jensgustafsson.se\/2018\/06\/DSC_0665-459x300.jpg 459w\" sizes=\"auto, (max-width: 584px) 100vw, 584px\" \/><\/a><p id=\"caption-attachment-10113\" class=\"wp-caption-text\"><\/em><\/span> <span style=\"color: #33cccc;\"><em>\u00d6ver Klobosj\u00f6n 6 maj.<\/em><\/span><\/p><\/div>\n<div id=\"attachment_10114\" style=\"width: 594px\" class=\"wp-caption aligncenter\"><a style=\"color: #33cccc;\" href=\"http:\/\/jensgustafsson.se\/?attachment_id=10114\" rel=\"attachment wp-att-10114\"><img loading=\"lazy\" decoding=\"async\" aria-describedby=\"caption-attachment-10114\" class=\"size-large wp-image-10114\" src=\"http:\/\/media1.jensgustafsson.se\/2018\/06\/DSC_0122-1024x929.jpg\" alt=\"\" width=\"584\" height=\"530\" srcset=\"https:\/\/media1.jensgustafsson.se\/2018\/06\/DSC_0122-1024x929.jpg 1024w, https:\/\/media1.jensgustafsson.se\/2018\/06\/DSC_0122-300x272.jpg 300w, https:\/\/media1.jensgustafsson.se\/2018\/06\/DSC_0122-768x696.jpg 768w, https:\/\/media1.jensgustafsson.se\/2018\/06\/DSC_0122-331x300.jpg 331w\" sizes=\"auto, (max-width: 584px) 100vw, 584px\" \/><\/a><p id=\"caption-attachment-10114\" class=\"wp-caption-text\"><\/em><\/span> <span style=\"color: #33cccc;\"><em>\u00c4lgm\u00f6te, 10 maj.<\/em><\/span><\/p><\/div>\n<div id=\"attachment_10115\" style=\"width: 594px\" class=\"wp-caption aligncenter\"><a style=\"color: #33cccc;\" href=\"http:\/\/jensgustafsson.se\/?attachment_id=10115\" rel=\"attachment wp-att-10115\"><img loading=\"lazy\" decoding=\"async\" aria-describedby=\"caption-attachment-10115\" class=\"size-large wp-image-10115\" src=\"http:\/\/media1.jensgustafsson.se\/2018\/06\/DSC_0290-2000x1333-1024x682.jpg\" alt=\"\" width=\"584\" height=\"389\" srcset=\"https:\/\/media1.jensgustafsson.se\/2018\/06\/DSC_0290-2000x1333-1024x682.jpg 1024w, https:\/\/media1.jensgustafsson.se\/2018\/06\/DSC_0290-2000x1333-300x200.jpg 300w, https:\/\/media1.jensgustafsson.se\/2018\/06\/DSC_0290-2000x1333-768x512.jpg 768w, https:\/\/media1.jensgustafsson.se\/2018\/06\/DSC_0290-2000x1333-450x300.jpg 450w, https:\/\/media1.jensgustafsson.se\/2018\/06\/DSC_0290-2000x1333.jpg 2000w\" sizes=\"auto, (max-width: 584px) 100vw, 584px\" \/><\/a><p id=\"caption-attachment-10115\" class=\"wp-caption-text\"><\/em><\/span> <span style=\"color: #33cccc;\"><em>\u00c5forsv\u00e4gen 17 maj.<\/em><\/span><\/p><\/div>\n<div id=\"attachment_10116\" style=\"width: 594px\" class=\"wp-caption aligncenter\"><a style=\"color: #33cccc;\" href=\"http:\/\/jensgustafsson.se\/?attachment_id=10116\" rel=\"attachment wp-att-10116\"><img loading=\"lazy\" decoding=\"async\" aria-describedby=\"caption-attachment-10116\" class=\"size-large wp-image-10116\" src=\"http:\/\/media1.jensgustafsson.se\/2018\/06\/DSC_0008-1024x683.jpg\" alt=\"\" width=\"584\" height=\"390\" srcset=\"https:\/\/media1.jensgustafsson.se\/2018\/06\/DSC_0008-1024x683.jpg 1024w, https:\/\/media1.jensgustafsson.se\/2018\/06\/DSC_0008-300x200.jpg 300w, https:\/\/media1.jensgustafsson.se\/2018\/06\/DSC_0008-768x512.jpg 768w, https:\/\/media1.jensgustafsson.se\/2018\/06\/DSC_0008-450x300.jpg 450w\" sizes=\"auto, (max-width: 584px) 100vw, 584px\" \/><\/a><p id=\"caption-attachment-10116\" class=\"wp-caption-text\"><\/em><\/span> <span style=\"color: #33cccc;\"><em>F\u00e5gelfors kyrka i bakgrunden, 20 maj.<\/em><\/span><\/p><\/div>\n<div id=\"attachment_10117\" style=\"width: 594px\" class=\"wp-caption aligncenter\"><a style=\"color: #33cccc;\" href=\"http:\/\/jensgustafsson.se\/?attachment_id=10117\" rel=\"attachment wp-att-10117\"><img loading=\"lazy\" decoding=\"async\" aria-describedby=\"caption-attachment-10117\" class=\"size-large wp-image-10117\" src=\"http:\/\/media1.jensgustafsson.se\/2018\/06\/DSC_0226-1024x683.jpg\" alt=\"\" width=\"584\" height=\"390\" srcset=\"https:\/\/media1.jensgustafsson.se\/2018\/06\/DSC_0226-1024x683.jpg 1024w, https:\/\/media1.jensgustafsson.se\/2018\/06\/DSC_0226-300x200.jpg 300w, https:\/\/media1.jensgustafsson.se\/2018\/06\/DSC_0226-768x512.jpg 768w, https:\/\/media1.jensgustafsson.se\/2018\/06\/DSC_0226-450x300.jpg 450w\" sizes=\"auto, (max-width: 584px) 100vw, 584px\" \/><\/a><p id=\"caption-attachment-10117\" class=\"wp-caption-text\"><\/em><\/span> <span style=\"color: #33cccc;\"><em>P\u00e5 morgonen 26 maj vid Allgunnen.<\/em><\/span><\/p><\/div>\n<div id=\"attachment_10118\" style=\"width: 594px\" class=\"wp-caption aligncenter\"><a style=\"color: #33cccc;\" href=\"http:\/\/jensgustafsson.se\/?attachment_id=10118\" rel=\"attachment wp-att-10118\"><img loading=\"lazy\" decoding=\"async\" aria-describedby=\"caption-attachment-10118\" class=\"size-large wp-image-10118\" src=\"http:\/\/media1.jensgustafsson.se\/2018\/06\/DSC_0332-1024x683.jpg\" alt=\"\" width=\"584\" height=\"390\" srcset=\"https:\/\/media1.jensgustafsson.se\/2018\/06\/DSC_0332-1024x683.jpg 1024w, https:\/\/media1.jensgustafsson.se\/2018\/06\/DSC_0332-300x200.jpg 300w, https:\/\/media1.jensgustafsson.se\/2018\/06\/DSC_0332-768x512.jpg 768w, https:\/\/media1.jensgustafsson.se\/2018\/06\/DSC_0332-450x300.jpg 450w\" sizes=\"auto, (max-width: 584px) 100vw, 584px\" \/><\/a><p id=\"caption-attachment-10118\" class=\"wp-caption-text\"><\/em><\/span> <span style=\"color: #33cccc;\"><em>Lupiner 27 maj.<\/em><\/span><\/p><\/div>\n<p>&nbsp;<\/p>\n","protected":false},"excerpt":{"rendered":"<p>Det h\u00e4r \u00e5rets 5 f\u00f6rsta m\u00e5nader har bjudit p\u00e5 lite av extremv\u00e4der i m\u00e5ngt och mycket. Vi har ju haft en p\u00e5h\u00e4lsning av riktig vinter, med mycket sn\u00f6 och kallt under en period, och nu denna majm\u00e5nad som g\u00e5r till &hellip; <a href=\"https:\/\/jensgustafsson.se\/?page_id=10109\">Forts\u00e4tt l\u00e4sa <span class=\"meta-nav\">&rarr;<\/span><\/a><\/p>\n","protected":false},"author":1,"featured_media":0,"parent":9263,"menu_order":5,"comment_status":"closed","ping_status":"closed","template":"","meta":{"footnotes":""},"class_list":["post-10109","page","type-page","status-publish","hentry"],"_links":{"self":[{"href":"https:\/\/jensgustafsson.se\/index.php?rest_route=\/wp\/v2\/pages\/10109","targetHints":{"allow":["GET"]}}],"collection":[{"href":"https:\/\/jensgustafsson.se\/index.php?rest_route=\/wp\/v2\/pages"}],"about":[{"href":"https:\/\/jensgustafsson.se\/index.php?rest_route=\/wp\/v2\/types\/page"}],"author":[{"embeddable":true,"href":"https:\/\/jensgustafsson.se\/index.php?rest_route=\/wp\/v2\/users\/1"}],"replies":[{"embeddable":true,"href":"https:\/\/jensgustafsson.se\/index.php?rest_route=%2Fwp%2Fv2%2Fcomments&post=10109"}],"version-history":[{"count":2,"href":"https:\/\/jensgustafsson.se\/index.php?rest_route=\/wp\/v2\/pages\/10109\/revisions"}],"predecessor-version":[{"id":10119,"href":"https:\/\/jensgustafsson.se\/index.php?rest_route=\/wp\/v2\/pages\/10109\/revisions\/10119"}],"up":[{"embeddable":true,"href":"https:\/\/jensgustafsson.se\/index.php?rest_route=\/wp\/v2\/pages\/9263"}],"wp:attachment":[{"href":"https:\/\/jensgustafsson.se\/index.php?rest_route=%2Fwp%2Fv2%2Fmedia&parent=10109"}],"curies":[{"name":"wp","href":"https:\/\/api.w.org\/{rel}","templated":true}]}}