{"id":11567,"date":"2019-01-01T09:59:38","date_gmt":"2019-01-01T08:59:38","guid":{"rendered":"http:\/\/jensgustafsson.se\/?page_id=11567"},"modified":"2019-01-01T09:59:38","modified_gmt":"2019-01-01T08:59:38","slug":"december-2018","status":"publish","type":"page","link":"https:\/\/jensgustafsson.se\/?page_id=11567","title":{"rendered":"December 2018."},"content":{"rendered":"\n<p class=\"has-text-color has-medium-font-size has-blue-color\">December m\u00e5nad blev lite kallare och aningen mera nederb\u00f6rdsrik \u00e4n de senaste \u00e5ren. L\u00e4nken nedan g\u00e5r till min sida med sammanfattning av \u00e5ren 2013-2018 vad g\u00e4ller medeltemperatur och nederb\u00f6rd f\u00f6r varje m\u00e5nad och \u00e5r. Man kan sammanfatta m\u00e5naden som relativt gr\u00e5 och solfattig tycker jag nog, men \u00e4ven en del soliga dagar ocks\u00e5 f\u00f6r att vara r\u00e4ttvis.<\/p>\n\n\n\n<p><\/p>\n\n\n\n<figure class=\"wp-block-embed is-type-rich is-provider-vadret-i-fagelfors\"><div class=\"wp-block-embed__wrapper\">\nhttp:\/\/jensgustafsson.se\/?page_id=11115\n<\/div><\/figure>\n\n\n\n<p class=\"has-text-color has-medium-font-size has-blue-color\">Temperaturen har ju g\u00e5tt lite upp och ner under m\u00e5naden, och det som sticker ut \u00e4r perioden strax innan jul och d\u00e4romkring, d\u00e5 vi fick k\u00e4nna av lite av minusgrader att tala om, dock ingen kyla med tv\u00e5siffriga minusgrader. Jag l\u00e5ter diagrammet nedan illustrera m\u00e5nadens temperatursv\u00e4ngningar p\u00e5 ett \u00f6versk\u00e5dligt s\u00e4tt:<\/p>\n\n\n\n<figure class=\"wp-block-image\"><img loading=\"lazy\" decoding=\"async\" width=\"600\" height=\"300\" src=\"http:\/\/media1.jensgustafsson.se\/2019\/01\/Temp-december-2018.png\" alt=\"\" class=\"wp-image-11569\" srcset=\"https:\/\/media1.jensgustafsson.se\/2019\/01\/Temp-december-2018.png 600w, https:\/\/media1.jensgustafsson.se\/2019\/01\/Temp-december-2018-300x150.png 300w, https:\/\/media1.jensgustafsson.se\/2019\/01\/Temp-december-2018-500x250.png 500w\" sizes=\"auto, (max-width: 600px) 100vw, 600px\" \/><\/figure>\n\n\n\n<p class=\"has-text-color has-medium-font-size has-blue-color\">Vi har haft 12 isdygn, dvs. d\u00e5 medeltemperaturen under dygnet varit under 0\u00b0, och 20 frostdygn, allts\u00e5 d\u00e5 minimumtemperaturen varit under 0\u00b0.<\/p>\n\n\n\n<p class=\"has-text-color has-medium-font-size has-blue-color\">Nederb\u00f6rd har vi f\u00e5tt 39 mm, f\u00f6rdelat p\u00e5 19 dygn, och allts\u00e5 12 dygn med uppeh\u00e5ll. I och med kylan omkring jul fick vi uppleva en vit julafton h\u00e4r i F\u00e5gelfors, sammanh\u00e4ngande sn\u00f6t\u00e4cke med ett sn\u00f6djup av ca 5 cm hade vi i 15 dygn, fr.o.m 12 december till annandagen, 26 december, d\u00e4refter fick vi bl\u00e5st och milda vindar och det t\u00f6ade bort ganska snabbt. Nederb\u00f6rden v\u00e4ldigt v\u00e4lkommen i v\u00e5ra t\u00f6rstande vattendrag, som \u00e5terf\u00e5tt livet under senare delen av m\u00e5naden.<\/p>\n\n\n\n<p class=\"has-text-color has-medium-font-size has-blue-color\">Vindens f\u00f6rdelning p\u00e5 de olika v\u00e4derstrecken denna m\u00e5nad ser ut s\u00e5 h\u00e4r: dominerande riktning i dygn r\u00e4knat, SV=4,V=7,NV=2, N=6, NO=3, O=3, SO=2 och S= 4. Visar allts\u00e5 att vi haft \u00e5terigen dominans av vindriktningarna SV, V, NV och N, vilket \u00e4r lite avvikande i mina \u00f6gon i j\u00e4mf\u00f6relse med tidigare \u00e5r, som jag p\u00e5pekat i tidigare m\u00e5nadssammanfattningar. Det kan ju bli andra vindar nu p\u00e5 ny\u00e5ret, vem vet, och f\u00e5r vi vind fr\u00e5n ostliga sidan och nederb\u00f6rd, s\u00e5 vet vi ju att vi kan f\u00e5 de ber\u00f6mda &#8221;sn\u00f6kanonerna&#8221; h\u00e4r p\u00e5 \u00f6stra sidan av landet.<\/p>\n\n\n\n<p class=\"has-text-color has-medium-font-size has-blue-color\">H\u00e4r nedan kommer sammanfattning i siffror fr\u00e5n min v\u00e4derstation, WS-2308 som jobbar med tv\u00e5 program, Heavy Weather f\u00f6r loggningen, och Cumulus som loggar och omvandlar det till \u00f6versk\u00e5dliga fakta p\u00e5 webben<\/p>\n\n\n\n<p class=\"has-text-color has-medium-font-size has-blue-color\">Temperature (\u00b0C):        <br \/>\nMean (min+max)   0,9        <br \/>\nMean Minimum     -0,8        <br \/>\nMean Maximum     2,6        <br \/>\nMinimum          -6,2 day 24        <br \/>\nMaximum          7,9 day 03        <br \/>\nHighest Minimum  4,1 day 03        <br \/>\nLowest Maximum   -3,2 day 24        <br \/>\nAir frosts       20        <\/p>\n\n\n\n<p class=\"has-text-color has-medium-font-size has-blue-color\">Rainfall (mm):        <br \/>\nTotal for month  39,3        <br \/>\nRain days        19        <br \/>\nDry days         12        <\/p>\n\n\n\n<p class=\"has-text-color has-medium-font-size has-blue-color\">Wind (m\/s):        <br \/>\nHighest Gust     10 day 04        <\/p>\n\n\n\n<p class=\"has-text-color has-medium-font-size has-blue-color\">Pressure (hPa):        <br \/> Maximum          980,7 day 15        <br \/> Minimum          920,4 day 09        <\/p>\n\n\n\n<p class=\"has-text-color has-medium-font-size has-blue-color\">Nedan kommer n\u00e5gra foton som kommit till under h\u00e4rliga utevistelser i naturen med kamera.<\/p>\n\n\n\n<figure class=\"wp-block-image\"><img loading=\"lazy\" decoding=\"async\" width=\"1024\" height=\"683\" src=\"http:\/\/media1.jensgustafsson.se\/2019\/01\/P1140134-1024x683.jpg\" alt=\"\" class=\"wp-image-11571\" srcset=\"https:\/\/media1.jensgustafsson.se\/2019\/01\/P1140134-1024x683.jpg 1024w, https:\/\/media1.jensgustafsson.se\/2019\/01\/P1140134-300x200.jpg 300w, https:\/\/media1.jensgustafsson.se\/2019\/01\/P1140134-768x512.jpg 768w, https:\/\/media1.jensgustafsson.se\/2019\/01\/P1140134-450x300.jpg 450w\" sizes=\"auto, (max-width: 1024px) 100vw, 1024px\" \/><figcaption>2 december vid Vecklevad, N\u00f6t\u00e5n, inte n\u00e5got vidare vattenfl\u00f6de precis.<\/figcaption><\/figure>\n\n\n\n<figure class=\"wp-block-image\"><img loading=\"lazy\" decoding=\"async\" width=\"1024\" height=\"683\" src=\"http:\/\/media1.jensgustafsson.se\/2019\/01\/DSC_7106-1024x683.jpg\" alt=\"\" class=\"wp-image-11572\" srcset=\"https:\/\/media1.jensgustafsson.se\/2019\/01\/DSC_7106-1024x683.jpg 1024w, https:\/\/media1.jensgustafsson.se\/2019\/01\/DSC_7106-300x200.jpg 300w, https:\/\/media1.jensgustafsson.se\/2019\/01\/DSC_7106-768x512.jpg 768w, https:\/\/media1.jensgustafsson.se\/2019\/01\/DSC_7106-450x300.jpg 450w\" sizes=\"auto, (max-width: 1024px) 100vw, 1024px\" \/><figcaption><strong><em>6 december s\u00e5 var det ett tunt ist\u00e4cke p\u00e5 \u00d6vrasj\u00f6n.<\/em><\/strong><br \/><br \/><\/figcaption><\/figure>\n\n\n\n<figure class=\"wp-block-image\"><img loading=\"lazy\" decoding=\"async\" width=\"1024\" height=\"683\" src=\"http:\/\/media1.jensgustafsson.se\/2019\/01\/DSC_7178-1024x683.jpg\" alt=\"\" class=\"wp-image-11573\" srcset=\"https:\/\/media1.jensgustafsson.se\/2019\/01\/DSC_7178-1024x683.jpg 1024w, https:\/\/media1.jensgustafsson.se\/2019\/01\/DSC_7178-300x200.jpg 300w, https:\/\/media1.jensgustafsson.se\/2019\/01\/DSC_7178-768x512.jpg 768w, https:\/\/media1.jensgustafsson.se\/2019\/01\/DSC_7178-450x300.jpg 450w\" sizes=\"auto, (max-width: 1024px) 100vw, 1024px\" \/><figcaption><strong><em>15 december ute i skogen.<\/em><\/strong><br \/><br \/><\/figcaption><\/figure>\n\n\n\n<figure class=\"wp-block-image\"><img loading=\"lazy\" decoding=\"async\" width=\"1024\" height=\"674\" src=\"http:\/\/media1.jensgustafsson.se\/2019\/01\/DSC_7269-1024x674.jpg\" alt=\"\" class=\"wp-image-11574\" srcset=\"https:\/\/media1.jensgustafsson.se\/2019\/01\/DSC_7269-1024x674.jpg 1024w, https:\/\/media1.jensgustafsson.se\/2019\/01\/DSC_7269-300x197.jpg 300w, https:\/\/media1.jensgustafsson.se\/2019\/01\/DSC_7269-768x505.jpg 768w, https:\/\/media1.jensgustafsson.se\/2019\/01\/DSC_7269-456x300.jpg 456w\" sizes=\"auto, (max-width: 1024px) 100vw, 1024px\" \/><figcaption>25 december, juldagen vid Klobosj\u00f6n.<br \/><br \/><\/figcaption><\/figure>\n\n\n\n<figure class=\"wp-block-image\"><img loading=\"lazy\" decoding=\"async\" width=\"1024\" height=\"683\" src=\"http:\/\/media1.jensgustafsson.se\/2019\/01\/DSC_7363-1024x683.jpg\" alt=\"\" class=\"wp-image-11575\" srcset=\"https:\/\/media1.jensgustafsson.se\/2019\/01\/DSC_7363-1024x683.jpg 1024w, https:\/\/media1.jensgustafsson.se\/2019\/01\/DSC_7363-300x200.jpg 300w, https:\/\/media1.jensgustafsson.se\/2019\/01\/DSC_7363-768x512.jpg 768w, https:\/\/media1.jensgustafsson.se\/2019\/01\/DSC_7363-450x300.jpg 450w\" sizes=\"auto, (max-width: 1024px) 100vw, 1024px\" \/><figcaption><strong><em>26 december vid N\u00f6t\u00e5n d\u00e4r den rinner ut i Klobosj\u00f6n.<\/em><\/strong><\/figcaption><\/figure>\n\n\n\n<figure class=\"wp-block-image\"><img loading=\"lazy\" decoding=\"async\" width=\"1024\" height=\"1024\" src=\"http:\/\/media1.jensgustafsson.se\/2019\/01\/DSC_7369-1024x1024.jpg\" alt=\"\" class=\"wp-image-11576\" srcset=\"https:\/\/media1.jensgustafsson.se\/2019\/01\/DSC_7369-1024x1024.jpg 1024w, https:\/\/media1.jensgustafsson.se\/2019\/01\/DSC_7369-150x150.jpg 150w, https:\/\/media1.jensgustafsson.se\/2019\/01\/DSC_7369-300x300.jpg 300w, https:\/\/media1.jensgustafsson.se\/2019\/01\/DSC_7369-768x768.jpg 768w\" sizes=\"auto, (max-width: 1024px) 100vw, 1024px\" \/><figcaption><strong><em>26 december&#8230;finns det knopp, s\u00e5 finns det hopp.. \ud83d\ude42 <\/em><\/strong><\/figcaption><\/figure>\n\n\n\n<figure class=\"wp-block-image\"><img loading=\"lazy\" decoding=\"async\" width=\"1024\" height=\"683\" src=\"http:\/\/media1.jensgustafsson.se\/2019\/01\/DSC_7374-1024x683.jpg\" alt=\"\" class=\"wp-image-11577\" srcset=\"https:\/\/media1.jensgustafsson.se\/2019\/01\/DSC_7374-1024x683.jpg 1024w, https:\/\/media1.jensgustafsson.se\/2019\/01\/DSC_7374-300x200.jpg 300w, https:\/\/media1.jensgustafsson.se\/2019\/01\/DSC_7374-768x512.jpg 768w, https:\/\/media1.jensgustafsson.se\/2019\/01\/DSC_7374-450x300.jpg 450w\" sizes=\"auto, (max-width: 1024px) 100vw, 1024px\" \/><figcaption><strong><em>26 december s\u00e5g det ut s\u00e5h\u00e4r p\u00e5 Kyrkogatan i F\u00e5gelfors vid v\u00e5rt hus.<\/em><\/strong><\/figcaption><\/figure>\n\n\n\n<figure class=\"wp-block-image\"><img loading=\"lazy\" decoding=\"async\" width=\"1024\" height=\"830\" src=\"http:\/\/media1.jensgustafsson.se\/2019\/01\/DSC_7490-1024x830.jpg\" alt=\"\" class=\"wp-image-11578\" srcset=\"https:\/\/media1.jensgustafsson.se\/2019\/01\/DSC_7490-1024x830.jpg 1024w, https:\/\/media1.jensgustafsson.se\/2019\/01\/DSC_7490-300x243.jpg 300w, https:\/\/media1.jensgustafsson.se\/2019\/01\/DSC_7490-768x623.jpg 768w, https:\/\/media1.jensgustafsson.se\/2019\/01\/DSC_7490-370x300.jpg 370w\" sizes=\"auto, (max-width: 1024px) 100vw, 1024px\" \/><figcaption><strong><em>26 december, \u00e4nnu en bild p\u00e5 &#8221;min&#8221; k\u00e4ra str\u00f6mstare vid Vecklevad, N\u00f6t\u00e5n.. \ud83d\ude42 <\/em><\/strong><\/figcaption><\/figure>\n\n\n\n<figure class=\"wp-block-image\"><img loading=\"lazy\" decoding=\"async\" width=\"1024\" height=\"683\" src=\"http:\/\/media1.jensgustafsson.se\/2019\/01\/DSC_7583-1024x683.jpg\" alt=\"\" class=\"wp-image-11579\" srcset=\"https:\/\/media1.jensgustafsson.se\/2019\/01\/DSC_7583-1024x683.jpg 1024w, https:\/\/media1.jensgustafsson.se\/2019\/01\/DSC_7583-300x200.jpg 300w, https:\/\/media1.jensgustafsson.se\/2019\/01\/DSC_7583-768x512.jpg 768w, https:\/\/media1.jensgustafsson.se\/2019\/01\/DSC_7583-450x300.jpg 450w\" sizes=\"auto, (max-width: 1024px) 100vw, 1024px\" \/><figcaption><strong><em>29 december, lite fl\u00e4ckar med sn\u00f6 h\u00e4r och d\u00e4r i skogen.<\/em><\/strong><\/figcaption><\/figure>\n\n\n\n<figure class=\"wp-block-image\"><img loading=\"lazy\" decoding=\"async\" width=\"1024\" height=\"817\" src=\"http:\/\/media1.jensgustafsson.se\/2019\/01\/DSC_0049-1024x817.jpg\" alt=\"\" class=\"wp-image-11580\" srcset=\"https:\/\/media1.jensgustafsson.se\/2019\/01\/DSC_0049-1024x817.jpg 1024w, https:\/\/media1.jensgustafsson.se\/2019\/01\/DSC_0049-300x239.jpg 300w, https:\/\/media1.jensgustafsson.se\/2019\/01\/DSC_0049-768x613.jpg 768w, https:\/\/media1.jensgustafsson.se\/2019\/01\/DSC_0049-376x300.jpg 376w, https:\/\/media1.jensgustafsson.se\/2019\/01\/DSC_0049.jpg 1448w\" sizes=\"auto, (max-width: 1024px) 100vw, 1024px\" \/><figcaption><strong><em>30 december, hackspetten p\u00e5 bes\u00f6k i grannens p\u00e4rontr\u00e4d.<\/em><\/strong><\/figcaption><\/figure>\n\n\n\n<figure class=\"wp-block-image\"><img loading=\"lazy\" decoding=\"async\" width=\"1024\" height=\"683\" src=\"http:\/\/media1.jensgustafsson.se\/2019\/01\/DSC_7662-1024x683.jpg\" alt=\"\" class=\"wp-image-11581\" srcset=\"https:\/\/media1.jensgustafsson.se\/2019\/01\/DSC_7662-1024x683.jpg 1024w, https:\/\/media1.jensgustafsson.se\/2019\/01\/DSC_7662-300x200.jpg 300w, https:\/\/media1.jensgustafsson.se\/2019\/01\/DSC_7662-768x512.jpg 768w, https:\/\/media1.jensgustafsson.se\/2019\/01\/DSC_7662-450x300.jpg 450w\" sizes=\"auto, (max-width: 1024px) 100vw, 1024px\" \/><figcaption><strong><em>31 december, n\u00e4stan som en v\u00e5rmorgon, N\u00f6t\u00e5n, Vecklevad, och som synes har det blivit lite fart p\u00e5 vattnet.. \ud83d\ude42 <\/em><\/strong><\/figcaption><\/figure>\n\n\n\n<figure class=\"wp-block-image\"><img loading=\"lazy\" decoding=\"async\" width=\"1024\" height=\"683\" src=\"http:\/\/media1.jensgustafsson.se\/2019\/01\/DSC_7658-1024x683.jpg\" alt=\"\" class=\"wp-image-11582\" srcset=\"https:\/\/media1.jensgustafsson.se\/2019\/01\/DSC_7658-1024x683.jpg 1024w, https:\/\/media1.jensgustafsson.se\/2019\/01\/DSC_7658-300x200.jpg 300w, https:\/\/media1.jensgustafsson.se\/2019\/01\/DSC_7658-768x512.jpg 768w, https:\/\/media1.jensgustafsson.se\/2019\/01\/DSC_7658-450x300.jpg 450w\" sizes=\"auto, (max-width: 1024px) 100vw, 1024px\" \/><figcaption><strong><em>31 december, med ryggen mot Vecklevad, d\u00e4r jag tog bilden f\u00f6re denna, betydligt mera frostigt \u00e4n vid vattnet . Solen p\u00e5 v\u00e4g upp och ca 4 minusgrader.<\/em><\/strong><\/figcaption><\/figure>\n\n\n\n<p class=\"has-text-color has-medium-font-size has-blue-color\">      Det var december 2018 i bild och text d\u00e5, vi g\u00e5r in i ett nytt \u00e5r med sp\u00e4nning hur det ska bli, b\u00e5de v\u00e4derm\u00e4ssigt och f\u00f6r \u00f6vrigt ocks\u00e5 naturligtvis. Gott Nytt 2019.<br \/>      <br \/><br \/><\/p>\n","protected":false},"excerpt":{"rendered":"<p>December m\u00e5nad blev lite kallare och aningen mera nederb\u00f6rdsrik \u00e4n de senaste \u00e5ren. L\u00e4nken nedan g\u00e5r till min sida med sammanfattning av \u00e5ren 2013-2018 vad g\u00e4ller medeltemperatur och nederb\u00f6rd f\u00f6r varje m\u00e5nad och \u00e5r. Man kan sammanfatta m\u00e5naden som relativt &hellip; <a href=\"https:\/\/jensgustafsson.se\/?page_id=11567\">Forts\u00e4tt l\u00e4sa <span class=\"meta-nav\">&rarr;<\/span><\/a><\/p>\n","protected":false},"author":1,"featured_media":0,"parent":9263,"menu_order":12,"comment_status":"open","ping_status":"closed","template":"","meta":{"footnotes":""},"class_list":["post-11567","page","type-page","status-publish","hentry"],"_links":{"self":[{"href":"https:\/\/jensgustafsson.se\/index.php?rest_route=\/wp\/v2\/pages\/11567","targetHints":{"allow":["GET"]}}],"collection":[{"href":"https:\/\/jensgustafsson.se\/index.php?rest_route=\/wp\/v2\/pages"}],"about":[{"href":"https:\/\/jensgustafsson.se\/index.php?rest_route=\/wp\/v2\/types\/page"}],"author":[{"embeddable":true,"href":"https:\/\/jensgustafsson.se\/index.php?rest_route=\/wp\/v2\/users\/1"}],"replies":[{"embeddable":true,"href":"https:\/\/jensgustafsson.se\/index.php?rest_route=%2Fwp%2Fv2%2Fcomments&post=11567"}],"version-history":[{"count":4,"href":"https:\/\/jensgustafsson.se\/index.php?rest_route=\/wp\/v2\/pages\/11567\/revisions"}],"predecessor-version":[{"id":11585,"href":"https:\/\/jensgustafsson.se\/index.php?rest_route=\/wp\/v2\/pages\/11567\/revisions\/11585"}],"up":[{"embeddable":true,"href":"https:\/\/jensgustafsson.se\/index.php?rest_route=\/wp\/v2\/pages\/9263"}],"wp:attachment":[{"href":"https:\/\/jensgustafsson.se\/index.php?rest_route=%2Fwp%2Fv2%2Fmedia&parent=11567"}],"curies":[{"name":"wp","href":"https:\/\/api.w.org\/{rel}","templated":true}]}}