{"id":12872,"date":"2019-07-02T04:55:01","date_gmt":"2019-07-02T03:55:01","guid":{"rendered":"http:\/\/jensgustafsson.se\/?page_id=12872"},"modified":"2019-07-02T04:55:01","modified_gmt":"2019-07-02T03:55:01","slug":"juni-2019","status":"publish","type":"page","link":"https:\/\/jensgustafsson.se\/?page_id=12872","title":{"rendered":"Juni 2019."},"content":{"rendered":"\n<p class=\"has-text-color has-medium-font-size has-blue-color\">2019 \u00e5rs junim\u00e5nad blev mycket varm och regnfattig f\u00f6r oss h\u00e4r i F\u00e5gelfors med omnejd. Ingen junim\u00e5nad under de sju \u00e5ren som jag drivit min v\u00e4derstation med statistik h\u00e4r p\u00e5 webben har varit s\u00e5h\u00e4r extrem. Medeltemperaturen under m\u00e5naden blev 19,7\u00b0 och det kan ju j\u00e4mf\u00f6ras med juni i fjol, som vi v\u00e4l upplevde som varm, d\u00e5 var medeltemperaturen 18,3\u00b0. Vi har haft hela 22 dagar med h\u00f6gsommarv\u00e4rme (maxtemp. \u00f6ver 25\u00b0) i fjol var antalet 13. Vi har haft 6 dagar med temperatur mellan 20\u00b0 och 24,9\u00b0, kvar blir 2 dagar med maxtemp under 20\u00b0. Nedan l\u00e4gger jag in ett par diagram som visar temperaturen dag f\u00f6r dag i kurvor.<\/p>\n\n\n\n<figure class=\"wp-block-image is-resized\"><img loading=\"lazy\" decoding=\"async\" src=\"http:\/\/media1.jensgustafsson.se\/2019\/07\/image.png\" alt=\"\" class=\"wp-image-12880\" width=\"584\" height=\"272\" srcset=\"https:\/\/media1.jensgustafsson.se\/2019\/07\/image.png 683w, https:\/\/media1.jensgustafsson.se\/2019\/07\/image-300x140.png 300w, https:\/\/media1.jensgustafsson.se\/2019\/07\/image-500x234.png 500w\" sizes=\"auto, (max-width: 584px) 100vw, 584px\" \/><\/figure>\n\n\n\n<figure class=\"wp-block-image\"><img loading=\"lazy\" decoding=\"async\" width=\"681\" height=\"324\" src=\"http:\/\/media1.jensgustafsson.se\/2019\/07\/image-1.png\" alt=\"\" class=\"wp-image-12881\" srcset=\"https:\/\/media1.jensgustafsson.se\/2019\/07\/image-1.png 681w, https:\/\/media1.jensgustafsson.se\/2019\/07\/image-1-300x143.png 300w, https:\/\/media1.jensgustafsson.se\/2019\/07\/image-1-500x238.png 500w\" sizes=\"auto, (max-width: 681px) 100vw, 681px\" \/><\/figure>\n\n\n\n<p class=\"has-text-color has-medium-font-size has-blue-color\">Regn har vi f\u00e5tt 19 mm, f\u00f6rdelat p\u00e5 7 dagar. \u00c5ska har f\u00f6rekommit i samband med regnet vid n\u00e5gra tillf\u00e4llen, inte speciellt n\u00e4ra F\u00e5gelfors, f\u00f6r av n\u00e5gon konstig anledning, s\u00e5 verkar \u00e5skv\u00e4dren numera vika av runt om de h\u00e4r trakterna, och d\u00e4rmed missar vi ocks\u00e5 en hel del regn, som man h\u00f6r talas om att det kommit p\u00e5 sina st\u00e4llen, inte s\u00e5 l\u00e5ngt h\u00e4rifr\u00e5n. Totalt har jag registrerat 5 \u00e5skdagar (eller tillf\u00e4llen d\u00e5 \u00e5ska varit h\u00f6rbar). Kan n\u00e4mnas d\u00e5 att vi i juni 2018 fick 28 mm, och d\u00e5 f\u00f6rst\u00e5r vi att det h\u00e4r \u00e4r inte bra, fast\u00e4n vi nu g\u00e5r in i semestertider, d\u00e5 v\u00e4l n\u00e4stan alla vill ha sol och v\u00e4rme, s\u00e5 beh\u00f6ver vi massor med regn f\u00f6r att trygga  bl.a. vattenf\u00f6rs\u00f6rjning fram\u00f6ver. I diagrammet nedan ser vi f\u00f6rdelningen p\u00e5 de regndroppar som kommit under m\u00e5naden.<\/p>\n\n\n\n<figure class=\"wp-block-image\"><img loading=\"lazy\" decoding=\"async\" width=\"663\" height=\"362\" src=\"http:\/\/media1.jensgustafsson.se\/2019\/07\/image-2.png\" alt=\"\" class=\"wp-image-12882\" srcset=\"https:\/\/media1.jensgustafsson.se\/2019\/07\/image-2.png 663w, https:\/\/media1.jensgustafsson.se\/2019\/07\/image-2-300x164.png 300w, https:\/\/media1.jensgustafsson.se\/2019\/07\/image-2-500x273.png 500w\" sizes=\"auto, (max-width: 663px) 100vw, 663px\" \/><\/figure>\n\n\n\n<p class=\"has-text-color has-medium-font-size has-blue-color\">Vindriktningen under m\u00e5naden visar jag i diagrammet nedan, lite fler dagar med v\u00e4xlande vindriktning, s\u00e5 lite sv\u00e5rare att se dominerande vindriktning allts\u00e5.<\/p>\n\n\n\n<figure class=\"wp-block-image\"><img loading=\"lazy\" decoding=\"async\" width=\"658\" height=\"333\" src=\"http:\/\/media1.jensgustafsson.se\/2019\/07\/image-3.png\" alt=\"\" class=\"wp-image-12883\" srcset=\"https:\/\/media1.jensgustafsson.se\/2019\/07\/image-3.png 658w, https:\/\/media1.jensgustafsson.se\/2019\/07\/image-3-300x152.png 300w, https:\/\/media1.jensgustafsson.se\/2019\/07\/image-3-500x253.png 500w\" sizes=\"auto, (max-width: 658px) 100vw, 658px\" \/><\/figure>\n\n\n\n<p class=\"has-text-color has-medium-font-size has-blue-color\"> S\u00e5 kommer sammanfattningen i siffror fr\u00e5n min v\u00e4derstation, WS-2308, som jobbar med tv\u00e5 program, Heavy Wheather f\u00f6r loggningen, och Cumulus som ocks\u00e5 loggar, och omvandlar med hj\u00e4lp av mig till \u00f6versk\u00e5dliga fakta p\u00e5 min v\u00e4dersida p\u00e5 webben. <\/p>\n\n\n\n<p class=\"has-text-color has-medium-font-size has-blue-color\">Summary for juni 2019        <\/p>\n\n\n\n<p class=\"has-text-color has-medium-font-size has-blue-color\">Temperature (\u00b0C):        <br \/>\nMean (min+max)   19,6        <br \/>\nMean Minimum     12,8        <br \/>\nMean Maximum     26,5        <br \/>\nMinimum          5,6 day 01        <br \/>\nMaximum          33,6 day 30        <br \/>\nHighest Minimum  18,0 day 30        <br \/>\nLowest Maximum   14,9 day 12        <br \/>\nAir frosts       0        <\/p>\n\n\n\n<p class=\"has-text-color has-medium-font-size has-blue-color\">Rainfall (mm):        <br \/>\nTotal for month  19        <br \/>\nWettest day      7,0 day 12        <br \/>\nRain days        7        <br \/>\nDry days         23        <\/p>\n\n\n\n<p class=\"has-text-color has-medium-font-size has-blue-color\">Wind (m\/s):        <br \/> Highest Gust     11 day 30        <\/p>\n\n\n\n<p class=\"has-text-color has-medium-font-size has-blue-color\">Pressure (hPa):        <br \/> Maximum          1015 day 25        <br \/> Minimum          986,7 day 30    <\/p>\n\n\n\n<p class=\"has-text-color has-medium-font-size has-blue-color\">     H\u00e4r kommer n\u00e5gra foton, natur-och v\u00e4derrelaterade. som fastnat i mina kameror under m\u00e5naden: <\/p>\n\n\n\n<figure class=\"wp-block-image\"><img loading=\"lazy\" decoding=\"async\" width=\"1024\" height=\"683\" src=\"http:\/\/media1.jensgustafsson.se\/2019\/07\/P1140693-1024x683.jpg\" alt=\"\" class=\"wp-image-12888\" srcset=\"https:\/\/media1.jensgustafsson.se\/2019\/07\/P1140693-1024x683.jpg 1024w, https:\/\/media1.jensgustafsson.se\/2019\/07\/P1140693-300x200.jpg 300w, https:\/\/media1.jensgustafsson.se\/2019\/07\/P1140693-768x512.jpg 768w, https:\/\/media1.jensgustafsson.se\/2019\/07\/P1140693-450x300.jpg 450w\" sizes=\"auto, (max-width: 1024px) 100vw, 1024px\" \/><figcaption><strong><em>3 juni, tj\u00e4rblomstern blommar f\u00f6r fullt.<\/em><\/strong><\/figcaption><\/figure>\n\n\n\n<figure class=\"wp-block-image\"><img loading=\"lazy\" decoding=\"async\" width=\"1024\" height=\"682\" src=\"http:\/\/media1.jensgustafsson.se\/2019\/07\/DSC_2544-2000x1333-1024x682.jpg\" alt=\"\" class=\"wp-image-12889\" srcset=\"https:\/\/media1.jensgustafsson.se\/2019\/07\/DSC_2544-2000x1333-1024x682.jpg 1024w, https:\/\/media1.jensgustafsson.se\/2019\/07\/DSC_2544-2000x1333-300x200.jpg 300w, https:\/\/media1.jensgustafsson.se\/2019\/07\/DSC_2544-2000x1333-768x512.jpg 768w, https:\/\/media1.jensgustafsson.se\/2019\/07\/DSC_2544-2000x1333-450x300.jpg 450w, https:\/\/media1.jensgustafsson.se\/2019\/07\/DSC_2544-2000x1333.jpg 2000w\" sizes=\"auto, (max-width: 1024px) 100vw, 1024px\" \/><figcaption><strong><em>5 juni,tidig morgon i Lilla Klobo.<\/em><\/strong><\/figcaption><\/figure>\n\n\n\n<figure class=\"wp-block-image\"><img loading=\"lazy\" decoding=\"async\" width=\"1024\" height=\"680\" src=\"http:\/\/media1.jensgustafsson.se\/2019\/07\/DSC_2646-1024x680.jpg\" alt=\"\" class=\"wp-image-12890\" srcset=\"https:\/\/media1.jensgustafsson.se\/2019\/07\/DSC_2646-1024x680.jpg 1024w, https:\/\/media1.jensgustafsson.se\/2019\/07\/DSC_2646-300x199.jpg 300w, https:\/\/media1.jensgustafsson.se\/2019\/07\/DSC_2646-768x510.jpg 768w, https:\/\/media1.jensgustafsson.se\/2019\/07\/DSC_2646-452x300.jpg 452w\" sizes=\"auto, (max-width: 1024px) 100vw, 1024px\" \/><figcaption><strong><em>6 juni, \u00d6vrasj\u00f6badet p\u00e5 morgonen.<\/em><\/strong><\/figcaption><\/figure>\n\n\n\n<figure class=\"wp-block-image\"><img loading=\"lazy\" decoding=\"async\" width=\"1024\" height=\"683\" src=\"http:\/\/media1.jensgustafsson.se\/2019\/07\/DSC_2812-1024x683.jpg\" alt=\"\" class=\"wp-image-12891\" srcset=\"https:\/\/media1.jensgustafsson.se\/2019\/07\/DSC_2812-1024x683.jpg 1024w, https:\/\/media1.jensgustafsson.se\/2019\/07\/DSC_2812-300x200.jpg 300w, https:\/\/media1.jensgustafsson.se\/2019\/07\/DSC_2812-768x512.jpg 768w, https:\/\/media1.jensgustafsson.se\/2019\/07\/DSC_2812-450x300.jpg 450w\" sizes=\"auto, (max-width: 1024px) 100vw, 1024px\" \/><figcaption><strong><em>10 juni.<\/em><\/strong><\/figcaption><\/figure>\n\n\n\n<figure class=\"wp-block-image\"><img loading=\"lazy\" decoding=\"async\" width=\"1024\" height=\"681\" src=\"http:\/\/media1.jensgustafsson.se\/2019\/07\/DSC_2884-1024x681.jpg\" alt=\"\" class=\"wp-image-12892\" srcset=\"https:\/\/media1.jensgustafsson.se\/2019\/07\/DSC_2884-1024x681.jpg 1024w, https:\/\/media1.jensgustafsson.se\/2019\/07\/DSC_2884-300x199.jpg 300w, https:\/\/media1.jensgustafsson.se\/2019\/07\/DSC_2884-768x511.jpg 768w, https:\/\/media1.jensgustafsson.se\/2019\/07\/DSC_2884-451x300.jpg 451w\" sizes=\"auto, (max-width: 1024px) 100vw, 1024px\" \/><figcaption><strong><em>15 juni vid Bruksdammen.<\/em><\/strong><\/figcaption><\/figure>\n\n\n\n<figure class=\"wp-block-image\"><img loading=\"lazy\" decoding=\"async\" width=\"1024\" height=\"547\" src=\"http:\/\/media1.jensgustafsson.se\/2019\/07\/DSC_3248-1024x547.jpg\" alt=\"\" class=\"wp-image-12893\" srcset=\"https:\/\/media1.jensgustafsson.se\/2019\/07\/DSC_3248-1024x547.jpg 1024w, https:\/\/media1.jensgustafsson.se\/2019\/07\/DSC_3248-300x160.jpg 300w, https:\/\/media1.jensgustafsson.se\/2019\/07\/DSC_3248-768x410.jpg 768w, https:\/\/media1.jensgustafsson.se\/2019\/07\/DSC_3248-500x267.jpg 500w\" sizes=\"auto, (max-width: 1024px) 100vw, 1024px\" \/><figcaption><strong><em>Midsommarafton, 21 juni.<\/em><\/strong><\/figcaption><\/figure>\n\n\n\n<figure class=\"wp-block-image\"><img loading=\"lazy\" decoding=\"async\" width=\"1024\" height=\"683\" src=\"http:\/\/media1.jensgustafsson.se\/2019\/07\/DSC_3263-1024x683.jpg\" alt=\"\" class=\"wp-image-12894\" srcset=\"https:\/\/media1.jensgustafsson.se\/2019\/07\/DSC_3263-1024x683.jpg 1024w, https:\/\/media1.jensgustafsson.se\/2019\/07\/DSC_3263-300x200.jpg 300w, https:\/\/media1.jensgustafsson.se\/2019\/07\/DSC_3263-768x512.jpg 768w, https:\/\/media1.jensgustafsson.se\/2019\/07\/DSC_3263-450x300.jpg 450w\" sizes=\"auto, (max-width: 1024px) 100vw, 1024px\" \/><figcaption><strong><em>Midsommarafton, 21 juni.<\/em><\/strong><\/figcaption><\/figure>\n\n\n\n<figure class=\"wp-block-image\"><img loading=\"lazy\" decoding=\"async\" width=\"1024\" height=\"783\" src=\"http:\/\/media1.jensgustafsson.se\/2019\/07\/DSC_3298-1024x783.jpg\" alt=\"\" class=\"wp-image-12895\" srcset=\"https:\/\/media1.jensgustafsson.se\/2019\/07\/DSC_3298-1024x783.jpg 1024w, https:\/\/media1.jensgustafsson.se\/2019\/07\/DSC_3298-300x230.jpg 300w, https:\/\/media1.jensgustafsson.se\/2019\/07\/DSC_3298-768x588.jpg 768w, https:\/\/media1.jensgustafsson.se\/2019\/07\/DSC_3298-392x300.jpg 392w\" sizes=\"auto, (max-width: 1024px) 100vw, 1024px\" \/><figcaption><strong><em>23 juni.<\/em><\/strong><\/figcaption><\/figure>\n\n\n\n<figure class=\"wp-block-image\"><img loading=\"lazy\" decoding=\"async\" width=\"1024\" height=\"683\" src=\"http:\/\/media1.jensgustafsson.se\/2019\/07\/DSC_3407-1024x683.jpg\" alt=\"\" class=\"wp-image-12896\" srcset=\"https:\/\/media1.jensgustafsson.se\/2019\/07\/DSC_3407-1024x683.jpg 1024w, https:\/\/media1.jensgustafsson.se\/2019\/07\/DSC_3407-300x200.jpg 300w, https:\/\/media1.jensgustafsson.se\/2019\/07\/DSC_3407-768x512.jpg 768w, https:\/\/media1.jensgustafsson.se\/2019\/07\/DSC_3407-450x300.jpg 450w\" sizes=\"auto, (max-width: 1024px) 100vw, 1024px\" \/><figcaption><strong><em>26 juni.<\/em><\/strong><\/figcaption><\/figure>\n\n\n\n<figure class=\"wp-block-image\"><img loading=\"lazy\" decoding=\"async\" width=\"1024\" height=\"683\" src=\"http:\/\/media1.jensgustafsson.se\/2019\/07\/DSC_3480-1024x683.jpg\" alt=\"\" class=\"wp-image-12897\" srcset=\"https:\/\/media1.jensgustafsson.se\/2019\/07\/DSC_3480-1024x683.jpg 1024w, https:\/\/media1.jensgustafsson.se\/2019\/07\/DSC_3480-300x200.jpg 300w, https:\/\/media1.jensgustafsson.se\/2019\/07\/DSC_3480-768x512.jpg 768w, https:\/\/media1.jensgustafsson.se\/2019\/07\/DSC_3480-450x300.jpg 450w\" sizes=\"auto, (max-width: 1024px) 100vw, 1024px\" \/><figcaption><strong><em>30 juni, vid F\u00e5glebo, mycket torrt nu.<\/em><\/strong><\/figcaption><\/figure>\n\n\n\n<p class=\"has-text-color has-medium-font-size has-blue-color\">D\u00e4r var juni 2019 i ett n\u00f6tskal v\u00e4derm\u00e4ssigt, nu g\u00e5r vi in i juli med f\u00f6rhoppning om lite mera &#8221;normaliserat&#8221; v\u00e4der. Sj\u00e4lv g\u00e5r jag ocks\u00e5 in i ett nytt skede i livet, avslutat min anst\u00e4llning p\u00e5 F\u00e5gelfors Hyvleri AB f\u00f6r att ta ut pension ist\u00e4llet. Detta inneb\u00e4r att jag f\u00e5r mera tid till mina stora intressen, foto och natur, och jag har mycket sp\u00e4nnande p\u00e5 g\u00e5ng till min stora gl\u00e4dje. <\/p>\n","protected":false},"excerpt":{"rendered":"<p>2019 \u00e5rs junim\u00e5nad blev mycket varm och regnfattig f\u00f6r oss h\u00e4r i F\u00e5gelfors med omnejd. Ingen junim\u00e5nad under de sju \u00e5ren som jag drivit min v\u00e4derstation med statistik h\u00e4r p\u00e5 webben har varit s\u00e5h\u00e4r extrem. Medeltemperaturen under m\u00e5naden blev 19,7\u00b0 &hellip; <a href=\"https:\/\/jensgustafsson.se\/?page_id=12872\">Forts\u00e4tt l\u00e4sa <span class=\"meta-nav\">&rarr;<\/span><\/a><\/p>\n","protected":false},"author":1,"featured_media":12899,"parent":11912,"menu_order":6,"comment_status":"closed","ping_status":"closed","template":"","meta":{"footnotes":""},"class_list":["post-12872","page","type-page","status-publish","has-post-thumbnail","hentry"],"_links":{"self":[{"href":"https:\/\/jensgustafsson.se\/index.php?rest_route=\/wp\/v2\/pages\/12872","targetHints":{"allow":["GET"]}}],"collection":[{"href":"https:\/\/jensgustafsson.se\/index.php?rest_route=\/wp\/v2\/pages"}],"about":[{"href":"https:\/\/jensgustafsson.se\/index.php?rest_route=\/wp\/v2\/types\/page"}],"author":[{"embeddable":true,"href":"https:\/\/jensgustafsson.se\/index.php?rest_route=\/wp\/v2\/users\/1"}],"replies":[{"embeddable":true,"href":"https:\/\/jensgustafsson.se\/index.php?rest_route=%2Fwp%2Fv2%2Fcomments&post=12872"}],"version-history":[{"count":5,"href":"https:\/\/jensgustafsson.se\/index.php?rest_route=\/wp\/v2\/pages\/12872\/revisions"}],"predecessor-version":[{"id":12898,"href":"https:\/\/jensgustafsson.se\/index.php?rest_route=\/wp\/v2\/pages\/12872\/revisions\/12898"}],"up":[{"embeddable":true,"href":"https:\/\/jensgustafsson.se\/index.php?rest_route=\/wp\/v2\/pages\/11912"}],"wp:featuredmedia":[{"embeddable":true,"href":"https:\/\/jensgustafsson.se\/index.php?rest_route=\/wp\/v2\/media\/12899"}],"wp:attachment":[{"href":"https:\/\/jensgustafsson.se\/index.php?rest_route=%2Fwp%2Fv2%2Fmedia&parent=12872"}],"curies":[{"name":"wp","href":"https:\/\/api.w.org\/{rel}","templated":true}]}}