{"id":15014,"date":"2020-01-01T09:08:11","date_gmt":"2020-01-01T08:08:11","guid":{"rendered":"http:\/\/jensgustafsson.se\/?page_id=15014"},"modified":"2020-01-02T07:23:13","modified_gmt":"2020-01-02T06:23:13","slug":"december-2019","status":"publish","type":"page","link":"https:\/\/jensgustafsson.se\/?page_id=15014","title":{"rendered":"December 2019."},"content":{"rendered":"\n<p class=\"has-text-color has-drop-cap has-medium-font-size has-blue-color\"> \u00c5rets decemberm\u00e5nad blev sammantaget en mild m\u00e5nad. Den har ocks\u00e5 varit solfattig, och vi har haft m\u00e5nga dagar med gr\u00e5mulet v\u00e4der och d\u00e5ligt dagsljus. November m\u00e5nad avslutades ju med kallt v\u00e4der, och ett litet sn\u00f6t\u00e4cke som vi tog med oss in i december. De tre f\u00f6rsta dagarna i m\u00e5naden blev det en hel del sol, och temperaturen l\u00e5g under nollan. Jag kan ju kl\u00e4mma in h\u00e4r d\u00e5 med refererande till min m\u00e5nadssammanfattning f\u00f6r november g\u00e4llande det gamla tales\u00e4ttet &#8221;om Anders braskar, s\u00e5 slaskar julen&#8221; och vise verse &#8221;om Anders slaskar s\u00e5 braskar julen&#8221;. F\u00f6r tredje \u00e5ret p\u00e5 raken sl\u00e5r denna v\u00e4dersp\u00e5dom in h\u00e4r i F\u00e5gelfors.<\/p>\n\n\n\n<figure class=\"wp-block-image size-large is-resized\"><img loading=\"lazy\" decoding=\"async\" src=\"http:\/\/media1.jensgustafsson.se\/2020\/01\/DSC_0632-1024x683.jpg\" alt=\"\" class=\"wp-image-15015\" width=\"617\" height=\"411\" srcset=\"https:\/\/media1.jensgustafsson.se\/2020\/01\/DSC_0632-1024x683.jpg 1024w, https:\/\/media1.jensgustafsson.se\/2020\/01\/DSC_0632-300x200.jpg 300w, https:\/\/media1.jensgustafsson.se\/2020\/01\/DSC_0632-768x512.jpg 768w, https:\/\/media1.jensgustafsson.se\/2020\/01\/DSC_0632-1536x1024.jpg 1536w, https:\/\/media1.jensgustafsson.se\/2020\/01\/DSC_0632-2048x1365.jpg 2048w, https:\/\/media1.jensgustafsson.se\/2020\/01\/DSC_0632-450x300.jpg 450w\" sizes=\"auto, (max-width: 617px) 100vw, 617px\" \/><figcaption>1 december vid Vecklevad.<\/figcaption><\/figure>\n\n\n\n<p class=\"has-text-color has-medium-font-size has-blue-color\"><em>Jag trodde d\u00e5 att vi nog skulle f\u00e5 \u00e5rstiden vinter, allts\u00e5 5 dygn p\u00e5 rad med en dygnsmedeltemperatur p\u00e5 0\u00b0 eller under, men dit kom vi inte, f\u00f6r det blev bara 4 dygn innan det bytte mot mildv\u00e4der igen. D\u00e4refter har det milda v\u00e4dret dominerat, och vi har fortfarande inte kommit till vinter, utan st\u00e5r fortfarande kvar i definitionen h\u00f6st. Visar i diagrammen nedan de dagliga min-och maxtemperaturerna under m\u00e5naden<\/em><\/p>\n\n\n\n<figure class=\"wp-block-image size-large\"><img loading=\"lazy\" decoding=\"async\" width=\"685\" height=\"341\" src=\"http:\/\/media1.jensgustafsson.se\/2020\/01\/image.png\" alt=\"\" class=\"wp-image-15016\" srcset=\"https:\/\/media1.jensgustafsson.se\/2020\/01\/image.png 685w, https:\/\/media1.jensgustafsson.se\/2020\/01\/image-300x149.png 300w, https:\/\/media1.jensgustafsson.se\/2020\/01\/image-500x249.png 500w\" sizes=\"auto, (max-width: 685px) 100vw, 685px\" \/><\/figure>\n\n\n\n<figure class=\"wp-block-image size-large\"><img loading=\"lazy\" decoding=\"async\" width=\"682\" height=\"324\" src=\"http:\/\/media1.jensgustafsson.se\/2020\/01\/image-1.png\" alt=\"\" class=\"wp-image-15017\" srcset=\"https:\/\/media1.jensgustafsson.se\/2020\/01\/image-1.png 682w, https:\/\/media1.jensgustafsson.se\/2020\/01\/image-1-300x143.png 300w, https:\/\/media1.jensgustafsson.se\/2020\/01\/image-1-500x238.png 500w\" sizes=\"auto, (max-width: 682px) 100vw, 682px\" \/><\/figure>\n\n\n\n<p class=\"has-text-color has-medium-font-size has-blue-color\">Som jag skrev i b\u00f6rjan p\u00e5 detta inl\u00e4gg, s\u00e5 har mildluften dominerat. Vi har haft 9 frostn\u00e4tter, ut\u00f6ver detta har det varit ett par morgnar med markfrost ( plusgrader p\u00e5 termometern, men frost p\u00e5 marken). Jag har registrerat 2 isdygn (dygn med medeltemperatur under 0\u00b0.) <em>Medeltemperaturen f\u00f6r m\u00e5naden blev +2,7\u00b0. Detta kan j\u00e4mf\u00f6ras med referensperioden som g\u00e4ller nu, \u00e5ren 1961-1990, d\u00e5 var medeltemperaturen f\u00f6r december -0,8\u00b0.Medeltemperaturen f\u00f6r december 1991-2019 blev 0,0\u00b0. Jag visar i diagrammen nedan hur medeltemperaturen varit under dels perioden 1961-1990 (30 \u00e5r) och perioden som vi \u00e4r i nu, 1991-2020 (varav vi har avverkat 29 \u00e5r).<\/em><\/p>\n\n\n\n<figure class=\"wp-block-image size-large\"><img loading=\"lazy\" decoding=\"async\" width=\"1024\" height=\"419\" src=\"http:\/\/media1.jensgustafsson.se\/2020\/01\/image-3-1024x419.png\" alt=\"\" class=\"wp-image-15019\" srcset=\"https:\/\/media1.jensgustafsson.se\/2020\/01\/image-3-1024x419.png 1024w, https:\/\/media1.jensgustafsson.se\/2020\/01\/image-3-300x123.png 300w, https:\/\/media1.jensgustafsson.se\/2020\/01\/image-3-768x314.png 768w, https:\/\/media1.jensgustafsson.se\/2020\/01\/image-3-500x205.png 500w, https:\/\/media1.jensgustafsson.se\/2020\/01\/image-3.png 1044w\" sizes=\"auto, (max-width: 1024px) 100vw, 1024px\" \/><\/figure>\n\n\n\n<figure class=\"wp-block-image size-large\"><img loading=\"lazy\" decoding=\"async\" width=\"1024\" height=\"425\" src=\"http:\/\/media1.jensgustafsson.se\/2020\/01\/image-4-1024x425.png\" alt=\"\" class=\"wp-image-15020\" srcset=\"https:\/\/media1.jensgustafsson.se\/2020\/01\/image-4-1024x425.png 1024w, https:\/\/media1.jensgustafsson.se\/2020\/01\/image-4-300x125.png 300w, https:\/\/media1.jensgustafsson.se\/2020\/01\/image-4-768x319.png 768w, https:\/\/media1.jensgustafsson.se\/2020\/01\/image-4-500x208.png 500w, https:\/\/media1.jensgustafsson.se\/2020\/01\/image-4.png 1067w\" sizes=\"auto, (max-width: 1024px) 100vw, 1024px\" \/><\/figure>\n\n\n\n<p class=\"has-text-color has-medium-font-size has-blue-color\"><em>Nederb\u00f6rd har vi f\u00e5tt 48 mm under m\u00e5naden. Det mesta har fallit som regn. Vi kan j\u00e4mf\u00f6ra nederb\u00f6rdsm\u00e4ngden utslaget i medeltal under \u00e5ren 1961-1990 som var 43 mm. Under \u00e5ren 1991-2019 blev det exakt samma medeltal, 43 mm.  M\u00e4tbart sn\u00f6t\u00e4cke har vi bara haft 3 dagar under december, och det var i b\u00f6rjan p\u00e5 m\u00e5naden, och det var det som f\u00f6ll i slutet p\u00e5 november. Nederb\u00f6rden har fallit p\u00e5 19 dagar, och f\u00f6rdelningen visar jag i diagrammet nedan<\/em>.<\/p>\n\n\n\n<figure class=\"wp-block-image size-large\"><img loading=\"lazy\" decoding=\"async\" width=\"664\" height=\"386\" src=\"http:\/\/media1.jensgustafsson.se\/2020\/01\/image-5.png\" alt=\"\" class=\"wp-image-15022\" srcset=\"https:\/\/media1.jensgustafsson.se\/2020\/01\/image-5.png 664w, https:\/\/media1.jensgustafsson.se\/2020\/01\/image-5-300x174.png 300w, https:\/\/media1.jensgustafsson.se\/2020\/01\/image-5-500x291.png 500w\" sizes=\"auto, (max-width: 664px) 100vw, 664px\" \/><\/figure>\n\n\n\n<p class=\"has-text-color has-medium-font-size has-blue-color\"><em>Nedan ett par diagram \u00f6ver nederb\u00f6rden under december 1961-1990 och 1991-2019.<\/em><\/p>\n\n\n\n<figure class=\"wp-block-image size-large is-resized\"><img loading=\"lazy\" decoding=\"async\" src=\"http:\/\/media1.jensgustafsson.se\/2020\/01\/image-7-1024x383.png\" alt=\"\" class=\"wp-image-15026\" width=\"589\" height=\"220\" srcset=\"https:\/\/media1.jensgustafsson.se\/2020\/01\/image-7-1024x383.png 1024w, https:\/\/media1.jensgustafsson.se\/2020\/01\/image-7-300x112.png 300w, https:\/\/media1.jensgustafsson.se\/2020\/01\/image-7-768x287.png 768w, https:\/\/media1.jensgustafsson.se\/2020\/01\/image-7-500x187.png 500w, https:\/\/media1.jensgustafsson.se\/2020\/01\/image-7.png 1060w\" sizes=\"auto, (max-width: 589px) 100vw, 589px\" \/><\/figure>\n\n\n\n<figure class=\"wp-block-image size-large is-resized\"><img loading=\"lazy\" decoding=\"async\" src=\"http:\/\/media1.jensgustafsson.se\/2020\/01\/image-8-1024x418.png\" alt=\"\" class=\"wp-image-15027\" width=\"587\" height=\"239\" srcset=\"https:\/\/media1.jensgustafsson.se\/2020\/01\/image-8-1024x418.png 1024w, https:\/\/media1.jensgustafsson.se\/2020\/01\/image-8-300x123.png 300w, https:\/\/media1.jensgustafsson.se\/2020\/01\/image-8-768x314.png 768w, https:\/\/media1.jensgustafsson.se\/2020\/01\/image-8-500x204.png 500w, https:\/\/media1.jensgustafsson.se\/2020\/01\/image-8.png 1060w\" sizes=\"auto, (max-width: 587px) 100vw, 587px\" \/><\/figure>\n\n\n\n<p class=\"has-text-color has-medium-font-size has-blue-color\"><em>Lite om vindarna d\u00e5. Under m\u00e5naden har vindriktningen varit \u00f6verv\u00e4gande fr\u00e5n den v\u00e4stliga sidan. Vi har ju trots allt kanske inte haft fullt s\u00e5 m\u00e5nga dagar med tjock dimma som i november, och jag gissar att vindriktningen har sin inverkan p\u00e5 detta. Diagrammet nedan visar f\u00f6rdelningen \u00f6ver m\u00e5naden.<\/em><\/p>\n\n\n\n<figure class=\"wp-block-image size-large\"><img loading=\"lazy\" decoding=\"async\" width=\"670\" height=\"311\" src=\"http:\/\/media1.jensgustafsson.se\/2020\/01\/image-6.png\" alt=\"\" class=\"wp-image-15024\" srcset=\"https:\/\/media1.jensgustafsson.se\/2020\/01\/image-6.png 670w, https:\/\/media1.jensgustafsson.se\/2020\/01\/image-6-300x139.png 300w, https:\/\/media1.jensgustafsson.se\/2020\/01\/image-6-500x232.png 500w\" sizes=\"auto, (max-width: 670px) 100vw, 670px\" \/><\/figure>\n\n\n\n<p class=\"has-text-color has-medium-font-size has-blue-color\"> <em>S\u00e5 kommer sammanfattningen i siffror fr\u00e5n min v\u00e4derstation, WS-2308, som jobbar med tv\u00e5 program, Heavy Wheather f\u00f6r loggningen, och Cumulus som ocks\u00e5 loggar, och omvandlar med hj\u00e4lp av mig till \u00f6versk\u00e5dliga fakta p\u00e5 min v\u00e4dersida p\u00e5 w<\/em>ebben. <\/p>\n\n\n\n<p class=\"has-text-color has-medium-font-size has-blue-color\"><em>Summary for december 2019<\/em><\/p>\n\n\n\n<p class=\"has-text-color has-medium-font-size has-blue-color\"> <em>Temperature (\u00b0C):<br \/> Mean (min+max)   2,7<br \/> Mean Minimum     0,6<br \/> Mean Maximum     4,8<br \/> Minimum          -9,4 day 01<br \/> Maximum          9,5 day 06<br \/> Highest Minimum  5,1 day 06<br \/> Lowest Maximum   -1,8 day 28<br \/> Air frosts       9<\/em><\/p>\n\n\n\n<p class=\"has-text-color has-medium-font-size has-blue-color\"> <em>Rainfall (mm):<br \/> Total for month  48<br \/> Wettest day      6,0 day 12<br \/> Rain days        19<br \/> Dry days         12<\/em><\/p>\n\n\n\n<p class=\"has-text-color has-medium-font-size has-blue-color\"> <em>Wind (m\/s):<br \/> Highest Mean     15  day 16<\/em><\/p>\n\n\n\n<p class=\"has-text-color has-medium-font-size has-blue-color\"> <em>Pressure (hPa):<br \/> Maximum          967,2 day 9<br \/> Minimum          1027,3 day 28<\/em><\/p>\n\n\n\n<p class=\"has-text-color has-medium-font-size has-blue-color\"><em>N\u00e5gra foton som visar lite om hur vi kan minnas december 2019:<\/em><\/p>\n\n\n\n<figure class=\"wp-block-image size-large\"><img loading=\"lazy\" decoding=\"async\" width=\"1024\" height=\"683\" src=\"http:\/\/media1.jensgustafsson.se\/2020\/01\/DSC_0739-1024x683.jpg\" alt=\"\" class=\"wp-image-15030\" srcset=\"https:\/\/media1.jensgustafsson.se\/2020\/01\/DSC_0739-1024x683.jpg 1024w, https:\/\/media1.jensgustafsson.se\/2020\/01\/DSC_0739-300x200.jpg 300w, https:\/\/media1.jensgustafsson.se\/2020\/01\/DSC_0739-768x512.jpg 768w, https:\/\/media1.jensgustafsson.se\/2020\/01\/DSC_0739-1536x1024.jpg 1536w, https:\/\/media1.jensgustafsson.se\/2020\/01\/DSC_0739-2048x1365.jpg 2048w, https:\/\/media1.jensgustafsson.se\/2020\/01\/DSC_0739-450x300.jpg 450w\" sizes=\"auto, (max-width: 1024px) 100vw, 1024px\" \/><figcaption><strong><em>2 dec. vid Klobosj\u00f6n.<\/em><\/strong><\/figcaption><\/figure>\n\n\n\n<figure class=\"wp-block-image size-large\"><img loading=\"lazy\" decoding=\"async\" width=\"1024\" height=\"683\" src=\"http:\/\/media1.jensgustafsson.se\/2020\/01\/DSC_0179-1024x683.jpg\" alt=\"\" class=\"wp-image-15031\" srcset=\"https:\/\/media1.jensgustafsson.se\/2020\/01\/DSC_0179-1024x683.jpg 1024w, https:\/\/media1.jensgustafsson.se\/2020\/01\/DSC_0179-300x200.jpg 300w, https:\/\/media1.jensgustafsson.se\/2020\/01\/DSC_0179-768x512.jpg 768w, https:\/\/media1.jensgustafsson.se\/2020\/01\/DSC_0179-1536x1024.jpg 1536w, https:\/\/media1.jensgustafsson.se\/2020\/01\/DSC_0179-2048x1365.jpg 2048w, https:\/\/media1.jensgustafsson.se\/2020\/01\/DSC_0179-450x300.jpg 450w\" sizes=\"auto, (max-width: 1024px) 100vw, 1024px\" \/><figcaption><strong><em>En kall morgon, 10 december.<\/em><\/strong><\/figcaption><\/figure>\n\n\n\n<figure class=\"wp-block-image size-large\"><img loading=\"lazy\" decoding=\"async\" width=\"1024\" height=\"772\" src=\"http:\/\/media1.jensgustafsson.se\/2020\/01\/DSC_1074-2-1024x772.jpg\" alt=\"\" class=\"wp-image-15032\" srcset=\"https:\/\/media1.jensgustafsson.se\/2020\/01\/DSC_1074-2-1024x772.jpg 1024w, https:\/\/media1.jensgustafsson.se\/2020\/01\/DSC_1074-2-300x226.jpg 300w, https:\/\/media1.jensgustafsson.se\/2020\/01\/DSC_1074-2-768x579.jpg 768w, https:\/\/media1.jensgustafsson.se\/2020\/01\/DSC_1074-2-1536x1159.jpg 1536w, https:\/\/media1.jensgustafsson.se\/2020\/01\/DSC_1074-2-2048x1545.jpg 2048w, https:\/\/media1.jensgustafsson.se\/2020\/01\/DSC_1074-2-398x300.jpg 398w\" sizes=\"auto, (max-width: 1024px) 100vw, 1024px\" \/><figcaption><strong><em>16 december, vatten i skogsb\u00e4ckarna.<\/em><\/strong><\/figcaption><\/figure>\n\n\n\n<figure class=\"wp-block-image size-large\"><img loading=\"lazy\" decoding=\"async\" width=\"1024\" height=\"595\" src=\"http:\/\/media1.jensgustafsson.se\/2020\/01\/DSC_1099-1024x595.jpg\" alt=\"\" class=\"wp-image-15033\" srcset=\"https:\/\/media1.jensgustafsson.se\/2020\/01\/DSC_1099-1024x595.jpg 1024w, https:\/\/media1.jensgustafsson.se\/2020\/01\/DSC_1099-300x174.jpg 300w, https:\/\/media1.jensgustafsson.se\/2020\/01\/DSC_1099-768x447.jpg 768w, https:\/\/media1.jensgustafsson.se\/2020\/01\/DSC_1099-1536x893.jpg 1536w, https:\/\/media1.jensgustafsson.se\/2020\/01\/DSC_1099-2048x1191.jpg 2048w, https:\/\/media1.jensgustafsson.se\/2020\/01\/DSC_1099-500x291.jpg 500w\" sizes=\"auto, (max-width: 1024px) 100vw, 1024px\" \/><figcaption><strong><em>19 december, en ofta av mig vandrad v\u00e4g.<\/em><\/strong><\/figcaption><\/figure>\n\n\n\n<figure class=\"wp-block-image size-large\"><img loading=\"lazy\" decoding=\"async\" width=\"1024\" height=\"683\" src=\"http:\/\/media1.jensgustafsson.se\/2020\/01\/DSC_1162-1024x683.jpg\" alt=\"\" class=\"wp-image-15034\" srcset=\"https:\/\/media1.jensgustafsson.se\/2020\/01\/DSC_1162-1024x683.jpg 1024w, https:\/\/media1.jensgustafsson.se\/2020\/01\/DSC_1162-300x200.jpg 300w, https:\/\/media1.jensgustafsson.se\/2020\/01\/DSC_1162-768x512.jpg 768w, https:\/\/media1.jensgustafsson.se\/2020\/01\/DSC_1162-1536x1024.jpg 1536w, https:\/\/media1.jensgustafsson.se\/2020\/01\/DSC_1162-2048x1365.jpg 2048w, https:\/\/media1.jensgustafsson.se\/2020\/01\/DSC_1162-450x300.jpg 450w\" sizes=\"auto, (max-width: 1024px) 100vw, 1024px\" \/><figcaption><strong><em>22 december, vid Pataholm.<\/em><\/strong><\/figcaption><\/figure>\n\n\n\n<figure class=\"wp-block-image size-large\"><img loading=\"lazy\" decoding=\"async\" width=\"1024\" height=\"683\" src=\"http:\/\/media1.jensgustafsson.se\/2020\/01\/DSC_1289-1024x683.jpg\" alt=\"\" class=\"wp-image-15035\" srcset=\"https:\/\/media1.jensgustafsson.se\/2020\/01\/DSC_1289-1024x683.jpg 1024w, https:\/\/media1.jensgustafsson.se\/2020\/01\/DSC_1289-300x200.jpg 300w, https:\/\/media1.jensgustafsson.se\/2020\/01\/DSC_1289-768x512.jpg 768w, https:\/\/media1.jensgustafsson.se\/2020\/01\/DSC_1289-1536x1024.jpg 1536w, https:\/\/media1.jensgustafsson.se\/2020\/01\/DSC_1289-2048x1365.jpg 2048w, https:\/\/media1.jensgustafsson.se\/2020\/01\/DSC_1289-450x300.jpg 450w\" sizes=\"auto, (max-width: 1024px) 100vw, 1024px\" \/><figcaption><strong><em>25 december, regnet h\u00e4nger kvar.<\/em><\/strong><\/figcaption><\/figure>\n\n\n\n<figure class=\"wp-block-image size-large\"><img loading=\"lazy\" decoding=\"async\" width=\"1024\" height=\"683\" src=\"http:\/\/media1.jensgustafsson.se\/2020\/01\/DSC_1375-1024x683.jpg\" alt=\"\" class=\"wp-image-15036\" srcset=\"https:\/\/media1.jensgustafsson.se\/2020\/01\/DSC_1375-1024x683.jpg 1024w, https:\/\/media1.jensgustafsson.se\/2020\/01\/DSC_1375-300x200.jpg 300w, https:\/\/media1.jensgustafsson.se\/2020\/01\/DSC_1375-768x512.jpg 768w, https:\/\/media1.jensgustafsson.se\/2020\/01\/DSC_1375-1536x1024.jpg 1536w, https:\/\/media1.jensgustafsson.se\/2020\/01\/DSC_1375-2048x1365.jpg 2048w, https:\/\/media1.jensgustafsson.se\/2020\/01\/DSC_1375-450x300.jpg 450w\" sizes=\"auto, (max-width: 1024px) 100vw, 1024px\" \/><figcaption><strong><em>27 december, tidig morgon vid Saltor.<\/em><\/strong><\/figcaption><\/figure>\n\n\n\n<figure class=\"wp-block-image size-large\"><img loading=\"lazy\" decoding=\"async\" width=\"1024\" height=\"683\" src=\"http:\/\/media1.jensgustafsson.se\/2020\/01\/DSC_1436-1024x683.jpg\" alt=\"\" class=\"wp-image-15037\" srcset=\"https:\/\/media1.jensgustafsson.se\/2020\/01\/DSC_1436-1024x683.jpg 1024w, https:\/\/media1.jensgustafsson.se\/2020\/01\/DSC_1436-300x200.jpg 300w, https:\/\/media1.jensgustafsson.se\/2020\/01\/DSC_1436-768x512.jpg 768w, https:\/\/media1.jensgustafsson.se\/2020\/01\/DSC_1436-1536x1024.jpg 1536w, https:\/\/media1.jensgustafsson.se\/2020\/01\/DSC_1436-2048x1365.jpg 2048w, https:\/\/media1.jensgustafsson.se\/2020\/01\/DSC_1436-450x300.jpg 450w\" sizes=\"auto, (max-width: 1024px) 100vw, 1024px\" \/><figcaption><strong><em>27 december, koll av vattenfl\u00f6det, N\u00f6t\u00e5ns utlopp vid Blankastr\u00f6ms kraftstation.<\/em><\/strong><\/figcaption><\/figure>\n\n\n\n<figure class=\"wp-block-image size-large\"><img loading=\"lazy\" decoding=\"async\" width=\"1024\" height=\"723\" src=\"http:\/\/media1.jensgustafsson.se\/2020\/01\/DSC_1456-1024x723.jpg\" alt=\"\" class=\"wp-image-15038\" srcset=\"https:\/\/media1.jensgustafsson.se\/2020\/01\/DSC_1456-1024x723.jpg 1024w, https:\/\/media1.jensgustafsson.se\/2020\/01\/DSC_1456-300x212.jpg 300w, https:\/\/media1.jensgustafsson.se\/2020\/01\/DSC_1456-768x542.jpg 768w, https:\/\/media1.jensgustafsson.se\/2020\/01\/DSC_1456-1536x1084.jpg 1536w, https:\/\/media1.jensgustafsson.se\/2020\/01\/DSC_1456-2048x1446.jpg 2048w, https:\/\/media1.jensgustafsson.se\/2020\/01\/DSC_1456-425x300.jpg 425w\" sizes=\"auto, (max-width: 1024px) 100vw, 1024px\" \/><figcaption><strong><em>28 december, dokumentation vattenfl\u00f6de Vecklevad.<\/em><\/strong><\/figcaption><\/figure>\n","protected":false},"excerpt":{"rendered":"<p>\u00c5rets decemberm\u00e5nad blev sammantaget en mild m\u00e5nad. Den har ocks\u00e5 varit solfattig, och vi har haft m\u00e5nga dagar med gr\u00e5mulet v\u00e4der och d\u00e5ligt dagsljus. November m\u00e5nad avslutades ju med kallt v\u00e4der, och ett litet sn\u00f6t\u00e4cke som vi tog med oss &hellip; <a href=\"https:\/\/jensgustafsson.se\/?page_id=15014\">Forts\u00e4tt l\u00e4sa <span class=\"meta-nav\">&rarr;<\/span><\/a><\/p>\n","protected":false},"author":1,"featured_media":0,"parent":11912,"menu_order":12,"comment_status":"closed","ping_status":"closed","template":"","meta":{"footnotes":""},"class_list":["post-15014","page","type-page","status-publish","hentry"],"_links":{"self":[{"href":"https:\/\/jensgustafsson.se\/index.php?rest_route=\/wp\/v2\/pages\/15014","targetHints":{"allow":["GET"]}}],"collection":[{"href":"https:\/\/jensgustafsson.se\/index.php?rest_route=\/wp\/v2\/pages"}],"about":[{"href":"https:\/\/jensgustafsson.se\/index.php?rest_route=\/wp\/v2\/types\/page"}],"author":[{"embeddable":true,"href":"https:\/\/jensgustafsson.se\/index.php?rest_route=\/wp\/v2\/users\/1"}],"replies":[{"embeddable":true,"href":"https:\/\/jensgustafsson.se\/index.php?rest_route=%2Fwp%2Fv2%2Fcomments&post=15014"}],"version-history":[{"count":7,"href":"https:\/\/jensgustafsson.se\/index.php?rest_route=\/wp\/v2\/pages\/15014\/revisions"}],"predecessor-version":[{"id":15049,"href":"https:\/\/jensgustafsson.se\/index.php?rest_route=\/wp\/v2\/pages\/15014\/revisions\/15049"}],"up":[{"embeddable":true,"href":"https:\/\/jensgustafsson.se\/index.php?rest_route=\/wp\/v2\/pages\/11912"}],"wp:attachment":[{"href":"https:\/\/jensgustafsson.se\/index.php?rest_route=%2Fwp%2Fv2%2Fmedia&parent=15014"}],"curies":[{"name":"wp","href":"https:\/\/api.w.org\/{rel}","templated":true}]}}