{"id":25478,"date":"2022-08-01T17:57:26","date_gmt":"2022-08-01T16:57:26","guid":{"rendered":"https:\/\/jensgustafsson.se\/?page_id=25478"},"modified":"2022-08-01T17:57:26","modified_gmt":"2022-08-01T16:57:26","slug":"juli-2022","status":"publish","type":"page","link":"https:\/\/jensgustafsson.se\/?page_id=25478","title":{"rendered":"Juli 2022."},"content":{"rendered":"\n<figure class=\"wp-block-image size-large\"><img loading=\"lazy\" decoding=\"async\" width=\"1024\" height=\"890\" src=\"https:\/\/media1.jensgustafsson.se\/2022\/08\/DSC_0323-2-1-1024x890.jpg\" alt=\"\" class=\"wp-image-25480\" srcset=\"https:\/\/media1.jensgustafsson.se\/2022\/08\/DSC_0323-2-1-1024x890.jpg 1024w, https:\/\/media1.jensgustafsson.se\/2022\/08\/DSC_0323-2-1-300x261.jpg 300w, https:\/\/media1.jensgustafsson.se\/2022\/08\/DSC_0323-2-1-768x667.jpg 768w, https:\/\/media1.jensgustafsson.se\/2022\/08\/DSC_0323-2-1-345x300.jpg 345w, https:\/\/media1.jensgustafsson.se\/2022\/08\/DSC_0323-2-1.jpg 1462w\" sizes=\"auto, (max-width: 1024px) 100vw, 1024px\" \/><\/figure>\n\n\n\n<figure class=\"wp-block-image size-large\"><img loading=\"lazy\" decoding=\"async\" width=\"1024\" height=\"423\" src=\"https:\/\/media1.jensgustafsson.se\/2022\/08\/image-1024x423.png\" alt=\"\" class=\"wp-image-25482\" srcset=\"https:\/\/media1.jensgustafsson.se\/2022\/08\/image-1024x423.png 1024w, https:\/\/media1.jensgustafsson.se\/2022\/08\/image-300x124.png 300w, https:\/\/media1.jensgustafsson.se\/2022\/08\/image-768x317.png 768w, https:\/\/media1.jensgustafsson.se\/2022\/08\/image-1536x634.png 1536w, https:\/\/media1.jensgustafsson.se\/2022\/08\/image-500x206.png 500w, https:\/\/media1.jensgustafsson.se\/2022\/08\/image.png 1677w\" sizes=\"auto, (max-width: 1024px) 100vw, 1024px\" \/><\/figure>\n\n\n\n<p class=\"has-blue-color has-light-gray-background-color has-text-color has-background has-medium-font-size\">2022 \u00e5rs julim\u00e5nad blev varm och torr. Medeltemperaturen f\u00f6r m\u00e5naden blev +19,1\u00b0, vilket \u00e4r 1,5\u00b0 h\u00f6gre \u00e4n medelv\u00e4rdet f\u00f6r referensperioden 1991-2020, som anv\u00e4nds som &#8221;normalperiod&#8221; nu. Vi fick en rekordvarm dag den 21:e, med en maxtemperatur p\u00e5 36,8\u00b0, vilket jag inte hittat n\u00e5gon motsvarighet till i min statistik, som str\u00e4cker sig \u00f6ver \u00e5ren 1931-2022. Statistiken som jag anv\u00e4nder \u00e4r h\u00e4mtad fr\u00e5n SMHI:s n\u00e4rmaste m\u00e4tstationer Blankastr\u00f6m, och Drageryd f\u00f6r \u00e5ren 1931-2012. Fr\u00e5n 2013 och fram\u00e5t \u00e4r det min egna, privata v\u00e4derstation som levererar siffrorna. <\/p>\n\n\n\n<p class=\"has-blue-color has-light-gray-background-color has-text-color has-background has-medium-font-size\">Juli i \u00e5r \u00e4r ingen rekordm\u00e5nad i sig. Jag gick tillbaka i tiden och kollade vilka \u00e5r vi har haft med en medeltemperatur \u00f6ver 19\u00b0, och visar det i stapeldiagrammet nedan:<\/p>\n\n\n\n<figure class=\"wp-block-image size-large is-resized\"><img loading=\"lazy\" decoding=\"async\" src=\"https:\/\/media1.jensgustafsson.se\/2022\/08\/image-1-1024x410.png\" alt=\"\" class=\"wp-image-25484\" width=\"654\" height=\"262\" srcset=\"https:\/\/media1.jensgustafsson.se\/2022\/08\/image-1-1024x410.png 1024w, https:\/\/media1.jensgustafsson.se\/2022\/08\/image-1-300x120.png 300w, https:\/\/media1.jensgustafsson.se\/2022\/08\/image-1-768x307.png 768w, https:\/\/media1.jensgustafsson.se\/2022\/08\/image-1-500x200.png 500w, https:\/\/media1.jensgustafsson.se\/2022\/08\/image-1.png 1124w\" sizes=\"auto, (max-width: 654px) 100vw, 654px\" \/><\/figure>\n\n\n\n<p class=\"has-blue-color has-light-gray-background-color has-text-color has-background has-medium-font-size\">I \u00e5rets julim\u00e5nad har vi haft 12 dagar med h\u00f6gsommarv\u00e4rme (maxtemp \u00f6ver 25\u00b0) Vi har ocks\u00e5 haft en tropisk natt (mintemp. \u00f6ver 20\u00b0). Jag redovisar nedan i diagram, hur medeltemperaturen varit genom \u00e5ren i n\u00e5gra olika referensperioder, s\u00e5 g\u00e5r det att j\u00e4mf\u00f6ra och se hur det varit och \u00e4r med temperaturen. Helt klar \u00e4r ju att det totalt sett blivit varmare, men dock inte i en rakt stigande takt.<\/p>\n\n\n\n<figure class=\"wp-block-image size-large\"><img loading=\"lazy\" decoding=\"async\" width=\"1024\" height=\"436\" src=\"https:\/\/media1.jensgustafsson.se\/2022\/08\/image-2-1024x436.png\" alt=\"\" class=\"wp-image-25486\" srcset=\"https:\/\/media1.jensgustafsson.se\/2022\/08\/image-2-1024x436.png 1024w, https:\/\/media1.jensgustafsson.se\/2022\/08\/image-2-300x128.png 300w, https:\/\/media1.jensgustafsson.se\/2022\/08\/image-2-768x327.png 768w, https:\/\/media1.jensgustafsson.se\/2022\/08\/image-2-500x213.png 500w, https:\/\/media1.jensgustafsson.se\/2022\/08\/image-2.png 1418w\" sizes=\"auto, (max-width: 1024px) 100vw, 1024px\" \/><\/figure>\n\n\n\n<figure class=\"wp-block-image size-large\"><img loading=\"lazy\" decoding=\"async\" width=\"1024\" height=\"360\" src=\"https:\/\/media1.jensgustafsson.se\/2022\/08\/image-3-1024x360.png\" alt=\"\" class=\"wp-image-25487\" srcset=\"https:\/\/media1.jensgustafsson.se\/2022\/08\/image-3-1024x360.png 1024w, https:\/\/media1.jensgustafsson.se\/2022\/08\/image-3-300x105.png 300w, https:\/\/media1.jensgustafsson.se\/2022\/08\/image-3-768x270.png 768w, https:\/\/media1.jensgustafsson.se\/2022\/08\/image-3-1536x540.png 1536w, https:\/\/media1.jensgustafsson.se\/2022\/08\/image-3-500x176.png 500w, https:\/\/media1.jensgustafsson.se\/2022\/08\/image-3.png 1826w\" sizes=\"auto, (max-width: 1024px) 100vw, 1024px\" \/><\/figure>\n\n\n\n<figure class=\"wp-block-image size-large is-resized\"><img loading=\"lazy\" decoding=\"async\" src=\"https:\/\/media1.jensgustafsson.se\/2022\/08\/image-4-1024x270.png\" alt=\"\" class=\"wp-image-25488\" width=\"668\" height=\"177\" srcset=\"https:\/\/media1.jensgustafsson.se\/2022\/08\/image-4-1024x270.png 1024w, https:\/\/media1.jensgustafsson.se\/2022\/08\/image-4-300x79.png 300w, https:\/\/media1.jensgustafsson.se\/2022\/08\/image-4-768x203.png 768w, https:\/\/media1.jensgustafsson.se\/2022\/08\/image-4-1536x405.png 1536w, https:\/\/media1.jensgustafsson.se\/2022\/08\/image-4-2048x540.png 2048w, https:\/\/media1.jensgustafsson.se\/2022\/08\/image-4-500x132.png 500w\" sizes=\"auto, (max-width: 668px) 100vw, 668px\" \/><\/figure>\n\n\n\n<p class=\"has-blue-color has-light-gray-background-color has-text-color has-background has-medium-font-size\">Nedan ser vi en sammanfattning av lite temperatursiffror fr\u00e5n loggen p\u00e5 min v\u00e4derstation under juli 2022.<\/p>\n\n\n\n<p class=\"has-blue-color has-light-gray-background-color has-text-color has-background has-medium-font-size\">Temperatur (\u00b0C):<br \/>Medel (min+max): 19,1<br \/>Medelminimum: 12,6<br \/>Medelmaximum: 25,2<br \/>Minimum: 8,3 den 17 juli<br \/>Maximum: 36,8 den 21 juli<br \/>H\u00f6gsta minimum: 20,1 den 22 juli<br \/>L\u00e4gsta maximum: 20,8 den 16 juli<br \/>H\u00f6gsommardagar: 12 (maxtemp. \u00f6ver +25\u00b0)<\/p>\n\n\n\n<figure class=\"wp-block-image size-large\"><img loading=\"lazy\" decoding=\"async\" width=\"1024\" height=\"682\" src=\"https:\/\/media1.jensgustafsson.se\/2022\/08\/DSC_0448-1024x682.jpg\" alt=\"\" class=\"wp-image-25512\" srcset=\"https:\/\/media1.jensgustafsson.se\/2022\/08\/DSC_0448-1024x682.jpg 1024w, https:\/\/media1.jensgustafsson.se\/2022\/08\/DSC_0448-300x200.jpg 300w, https:\/\/media1.jensgustafsson.se\/2022\/08\/DSC_0448-768x512.jpg 768w, https:\/\/media1.jensgustafsson.se\/2022\/08\/DSC_0448-1536x1024.jpg 1536w, https:\/\/media1.jensgustafsson.se\/2022\/08\/DSC_0448-2048x1365.jpg 2048w, https:\/\/media1.jensgustafsson.se\/2022\/08\/DSC_0448-450x300.jpg 450w\" sizes=\"auto, (max-width: 1024px) 100vw, 1024px\" \/><\/figure>\n\n\n\n<figure class=\"wp-block-image size-large\"><img loading=\"lazy\" decoding=\"async\" width=\"1024\" height=\"417\" src=\"https:\/\/media1.jensgustafsson.se\/2022\/08\/image-6-1024x417.png\" alt=\"\" class=\"wp-image-25498\" srcset=\"https:\/\/media1.jensgustafsson.se\/2022\/08\/image-6-1024x417.png 1024w, https:\/\/media1.jensgustafsson.se\/2022\/08\/image-6-300x122.png 300w, https:\/\/media1.jensgustafsson.se\/2022\/08\/image-6-768x313.png 768w, https:\/\/media1.jensgustafsson.se\/2022\/08\/image-6-500x204.png 500w, https:\/\/media1.jensgustafsson.se\/2022\/08\/image-6.png 1425w\" sizes=\"auto, (max-width: 1024px) 100vw, 1024px\" \/><\/figure>\n\n\n\n<p class=\"has-blue-color has-light-gray-background-color has-text-color has-background has-medium-font-size\">\u00c4ven denna m\u00e5nad blev nederb\u00f6rdsfattig. 24 millimeter har vi f\u00e5tt, f\u00f6rdelat p\u00e5 10 dagar. 24 millimeter motsvarar ca 32% av vad som \u00e4r medelnederb\u00f6rden i juli i referensperioden 1991-2020. \u00c5ska har h\u00f6rts p\u00e5 avst\u00e5nd vid tv\u00e5 tillf\u00e4llen under m\u00e5naden. Jag visar i n\u00e5gra diagram nedan, hur det sett ut med nederb\u00f6rd i juli genom \u00e5ren i n\u00e5gra olika referensperioder.<\/p>\n\n\n\n<figure class=\"wp-block-image size-large is-resized\"><img loading=\"lazy\" decoding=\"async\" src=\"https:\/\/media1.jensgustafsson.se\/2022\/08\/image-7-1024x389.png\" alt=\"\" class=\"wp-image-25502\" width=\"677\" height=\"258\" srcset=\"https:\/\/media1.jensgustafsson.se\/2022\/08\/image-7-1024x389.png 1024w, https:\/\/media1.jensgustafsson.se\/2022\/08\/image-7-300x114.png 300w, https:\/\/media1.jensgustafsson.se\/2022\/08\/image-7-768x292.png 768w, https:\/\/media1.jensgustafsson.se\/2022\/08\/image-7-500x190.png 500w, https:\/\/media1.jensgustafsson.se\/2022\/08\/image-7.png 1427w\" sizes=\"auto, (max-width: 677px) 100vw, 677px\" \/><\/figure>\n\n\n\n<figure class=\"wp-block-image size-large is-resized\"><img loading=\"lazy\" decoding=\"async\" src=\"https:\/\/media1.jensgustafsson.se\/2022\/08\/image-8-1024x341.png\" alt=\"\" class=\"wp-image-25503\" width=\"673\" height=\"225\" srcset=\"https:\/\/media1.jensgustafsson.se\/2022\/08\/image-8-1024x341.png 1024w, https:\/\/media1.jensgustafsson.se\/2022\/08\/image-8-300x100.png 300w, https:\/\/media1.jensgustafsson.se\/2022\/08\/image-8-768x256.png 768w, https:\/\/media1.jensgustafsson.se\/2022\/08\/image-8-1536x512.png 1536w, https:\/\/media1.jensgustafsson.se\/2022\/08\/image-8-500x167.png 500w, https:\/\/media1.jensgustafsson.se\/2022\/08\/image-8.png 1726w\" sizes=\"auto, (max-width: 673px) 100vw, 673px\" \/><\/figure>\n\n\n\n<figure class=\"wp-block-image size-large is-resized\"><img loading=\"lazy\" decoding=\"async\" src=\"https:\/\/media1.jensgustafsson.se\/2022\/08\/image-9-1024x338.png\" alt=\"\" class=\"wp-image-25504\" width=\"721\" height=\"238\" srcset=\"https:\/\/media1.jensgustafsson.se\/2022\/08\/image-9-1024x338.png 1024w, https:\/\/media1.jensgustafsson.se\/2022\/08\/image-9-300x99.png 300w, https:\/\/media1.jensgustafsson.se\/2022\/08\/image-9-768x253.png 768w, https:\/\/media1.jensgustafsson.se\/2022\/08\/image-9-1536x506.png 1536w, https:\/\/media1.jensgustafsson.se\/2022\/08\/image-9-2048x675.png 2048w, https:\/\/media1.jensgustafsson.se\/2022\/08\/image-9-500x165.png 500w\" sizes=\"auto, (max-width: 721px) 100vw, 721px\" \/><\/figure>\n\n\n\n<p class=\"has-blue-color has-light-gray-background-color has-text-color has-background has-medium-font-size\">Jag har ocks\u00e5 gjort en tillbakablick p\u00e5 hur det sett ut med den totala nederb\u00f6rden efter att sju m\u00e5nader g\u00e5tt av \u00e5ret. Jag har valt att titta p\u00e5 \u00e5ren 2011-2022 den h\u00e4r g\u00e5ngen. H\u00e4r ser vi klart och tydligt hur torrt det \u00e4r i v\u00e5ra trakter. Det beh\u00f6ver bli en riktigt bl\u00f6t h\u00f6st, f\u00f6r att kompensera bortfallet av nederb\u00f6rd vi haft s\u00e5 h\u00e4r l\u00e5ngt i \u00e5r.<\/p>\n\n\n\n<figure class=\"wp-block-image size-large is-resized\"><img loading=\"lazy\" decoding=\"async\" src=\"https:\/\/media1.jensgustafsson.se\/2022\/08\/image-10-1024x377.png\" alt=\"\" class=\"wp-image-25505\" width=\"708\" height=\"261\" srcset=\"https:\/\/media1.jensgustafsson.se\/2022\/08\/image-10-1024x377.png 1024w, https:\/\/media1.jensgustafsson.se\/2022\/08\/image-10-300x110.png 300w, https:\/\/media1.jensgustafsson.se\/2022\/08\/image-10-768x283.png 768w, https:\/\/media1.jensgustafsson.se\/2022\/08\/image-10-500x184.png 500w, https:\/\/media1.jensgustafsson.se\/2022\/08\/image-10.png 1223w\" sizes=\"auto, (max-width: 708px) 100vw, 708px\" \/><\/figure>\n\n\n\n<figure class=\"wp-block-image size-large\"><img loading=\"lazy\" decoding=\"async\" width=\"1024\" height=\"683\" src=\"https:\/\/media1.jensgustafsson.se\/2022\/08\/DSC_0528-1024x683.jpg\" alt=\"\" class=\"wp-image-25513\" srcset=\"https:\/\/media1.jensgustafsson.se\/2022\/08\/DSC_0528-1024x683.jpg 1024w, https:\/\/media1.jensgustafsson.se\/2022\/08\/DSC_0528-300x200.jpg 300w, https:\/\/media1.jensgustafsson.se\/2022\/08\/DSC_0528-768x512.jpg 768w, https:\/\/media1.jensgustafsson.se\/2022\/08\/DSC_0528-1536x1024.jpg 1536w, https:\/\/media1.jensgustafsson.se\/2022\/08\/DSC_0528-2048x1365.jpg 2048w, https:\/\/media1.jensgustafsson.se\/2022\/08\/DSC_0528-450x300.jpg 450w\" sizes=\"auto, (max-width: 1024px) 100vw, 1024px\" \/><\/figure>\n\n\n\n<figure class=\"wp-block-image size-large\"><img loading=\"lazy\" decoding=\"async\" width=\"1024\" height=\"417\" src=\"https:\/\/media1.jensgustafsson.se\/2022\/08\/image-11-1024x417.png\" alt=\"\" class=\"wp-image-25508\" srcset=\"https:\/\/media1.jensgustafsson.se\/2022\/08\/image-11-1024x417.png 1024w, https:\/\/media1.jensgustafsson.se\/2022\/08\/image-11-300x122.png 300w, https:\/\/media1.jensgustafsson.se\/2022\/08\/image-11-768x313.png 768w, https:\/\/media1.jensgustafsson.se\/2022\/08\/image-11-500x204.png 500w, https:\/\/media1.jensgustafsson.se\/2022\/08\/image-11.png 1445w\" sizes=\"auto, (max-width: 1024px) 100vw, 1024px\" \/><\/figure>\n\n\n\n<p class=\"has-blue-color has-light-gray-background-color has-text-color has-background has-medium-font-size\">Vindriktningen under m\u00e5naden ser vi f\u00f6rdelningen \u00f6ver i staplarna ovan. Den genomsnittliga maxvinden under m\u00e5naden blev 6 m\/s. Lite mera j\u00e4mnt f\u00f6rdelat denna m\u00e5nad kanske, men som vanligt lite \u00f6vervikt \u00e5t den v\u00e4stliga sidan.<\/p>\n\n\n\n<figure class=\"wp-block-image size-large\"><img loading=\"lazy\" decoding=\"async\" width=\"1024\" height=\"683\" src=\"https:\/\/media1.jensgustafsson.se\/2022\/08\/DSC_9788-1024x683.jpg\" alt=\"\" class=\"wp-image-25514\" srcset=\"https:\/\/media1.jensgustafsson.se\/2022\/08\/DSC_9788-1024x683.jpg 1024w, https:\/\/media1.jensgustafsson.se\/2022\/08\/DSC_9788-300x200.jpg 300w, https:\/\/media1.jensgustafsson.se\/2022\/08\/DSC_9788-768x512.jpg 768w, https:\/\/media1.jensgustafsson.se\/2022\/08\/DSC_9788-1536x1024.jpg 1536w, https:\/\/media1.jensgustafsson.se\/2022\/08\/DSC_9788-2048x1365.jpg 2048w, https:\/\/media1.jensgustafsson.se\/2022\/08\/DSC_9788-450x300.jpg 450w\" sizes=\"auto, (max-width: 1024px) 100vw, 1024px\" \/><\/figure>\n\n\n\n<p class=\"has-blue-color has-light-gray-background-color has-text-color has-background has-medium-font-size\">Som avslutning p\u00e5 juli m\u00e5nads sammanfattning, g\u00f6r jag ett diagram \u00f6ver hur medeltemperaturen ser ut efter att sju m\u00e5nader g\u00e5tt av \u00e5ret. Precis som jag gjorde med nederb\u00f6rdsdiagrammet anv\u00e4nder jag \u00e5ren 2011-2022. Kan ju alltid vara intressant att se hur det varit, och hur vi ligger till i \u00e5r. Hur sedan \u00e5ret slutar vet vi inte, fem m\u00e5nader kvar som p\u00e5verkar siffrorna.<\/p>\n\n\n\n<figure class=\"wp-block-image size-large is-resized\"><img loading=\"lazy\" decoding=\"async\" src=\"https:\/\/media1.jensgustafsson.se\/2022\/08\/image-12-1024x377.png\" alt=\"\" class=\"wp-image-25509\" width=\"658\" height=\"243\" srcset=\"https:\/\/media1.jensgustafsson.se\/2022\/08\/image-12-1024x377.png 1024w, https:\/\/media1.jensgustafsson.se\/2022\/08\/image-12-300x111.png 300w, https:\/\/media1.jensgustafsson.se\/2022\/08\/image-12-768x283.png 768w, https:\/\/media1.jensgustafsson.se\/2022\/08\/image-12-500x184.png 500w, https:\/\/media1.jensgustafsson.se\/2022\/08\/image-12.png 1221w\" sizes=\"auto, (max-width: 658px) 100vw, 658px\" \/><\/figure>\n\n\n\n<figure class=\"wp-block-image size-large\"><img loading=\"lazy\" decoding=\"async\" width=\"1024\" height=\"906\" src=\"https:\/\/media1.jensgustafsson.se\/2022\/08\/DSC_0673-1024x906.jpg\" alt=\"\" class=\"wp-image-25515\" srcset=\"https:\/\/media1.jensgustafsson.se\/2022\/08\/DSC_0673-1024x906.jpg 1024w, https:\/\/media1.jensgustafsson.se\/2022\/08\/DSC_0673-300x266.jpg 300w, https:\/\/media1.jensgustafsson.se\/2022\/08\/DSC_0673-768x680.jpg 768w, https:\/\/media1.jensgustafsson.se\/2022\/08\/DSC_0673-1536x1359.jpg 1536w, https:\/\/media1.jensgustafsson.se\/2022\/08\/DSC_0673-2048x1813.jpg 2048w, https:\/\/media1.jensgustafsson.se\/2022\/08\/DSC_0673-339x300.jpg 339w\" sizes=\"auto, (max-width: 1024px) 100vw, 1024px\" \/><\/figure>\n","protected":false},"excerpt":{"rendered":"<p>2022 \u00e5rs julim\u00e5nad blev varm och torr. Medeltemperaturen f\u00f6r m\u00e5naden blev +19,1\u00b0, vilket \u00e4r 1,5\u00b0 h\u00f6gre \u00e4n medelv\u00e4rdet f\u00f6r referensperioden 1991-2020, som anv\u00e4nds som &#8221;normalperiod&#8221; nu. Vi fick en rekordvarm dag den 21:e, med en maxtemperatur p\u00e5 36,8\u00b0, vilket jag &hellip; <a href=\"https:\/\/jensgustafsson.se\/?page_id=25478\">Forts\u00e4tt l\u00e4sa <span class=\"meta-nav\">&rarr;<\/span><\/a><\/p>\n","protected":false},"author":1,"featured_media":25516,"parent":23747,"menu_order":7,"comment_status":"closed","ping_status":"closed","template":"","meta":{"footnotes":""},"class_list":["post-25478","page","type-page","status-publish","has-post-thumbnail","hentry"],"_links":{"self":[{"href":"https:\/\/jensgustafsson.se\/index.php?rest_route=\/wp\/v2\/pages\/25478","targetHints":{"allow":["GET"]}}],"collection":[{"href":"https:\/\/jensgustafsson.se\/index.php?rest_route=\/wp\/v2\/pages"}],"about":[{"href":"https:\/\/jensgustafsson.se\/index.php?rest_route=\/wp\/v2\/types\/page"}],"author":[{"embeddable":true,"href":"https:\/\/jensgustafsson.se\/index.php?rest_route=\/wp\/v2\/users\/1"}],"replies":[{"embeddable":true,"href":"https:\/\/jensgustafsson.se\/index.php?rest_route=%2Fwp%2Fv2%2Fcomments&post=25478"}],"version-history":[{"count":12,"href":"https:\/\/jensgustafsson.se\/index.php?rest_route=\/wp\/v2\/pages\/25478\/revisions"}],"predecessor-version":[{"id":25517,"href":"https:\/\/jensgustafsson.se\/index.php?rest_route=\/wp\/v2\/pages\/25478\/revisions\/25517"}],"up":[{"embeddable":true,"href":"https:\/\/jensgustafsson.se\/index.php?rest_route=\/wp\/v2\/pages\/23747"}],"wp:featuredmedia":[{"embeddable":true,"href":"https:\/\/jensgustafsson.se\/index.php?rest_route=\/wp\/v2\/media\/25516"}],"wp:attachment":[{"href":"https:\/\/jensgustafsson.se\/index.php?rest_route=%2Fwp%2Fv2%2Fmedia&parent=25478"}],"curies":[{"name":"wp","href":"https:\/\/api.w.org\/{rel}","templated":true}]}}